{"id":35099,"date":"2026-08-31T03:31:29","date_gmt":"2026-08-31T03:31:29","guid":{"rendered":"https:\/\/chglawyers.com\/resources\/es\/lesiones-catastroficas-espalda-cuello\/cuando-lesion-espalda-cuello-catastrofica\/"},"modified":"2026-09-01T07:28:55","modified_gmt":"2026-09-01T07:28:55","slug":"cuando-lesion-espalda-cuello-catastrofica","status":"publish","type":"page","link":"https:\/\/chglawyers.com\/resources\/es\/lesiones-catastroficas-espalda-cuello\/cuando-lesion-espalda-cuello-catastrofica\/","title":{"rendered":"Lesi\u00f3n Catastr\u00f3fica de Espalda y Cuello"},"content":{"rendered":"<div class=\"wp-block-cover alignfull is-dark\" style=\"min-height:460px;aspect-ratio:unset;\"><span aria-hidden=\"true\" class=\"wp-block-cover__background has-secondary-background-color has-background-dim-60 has-background-dim\"><\/span><img loading=\"lazy\" decoding=\"async\" class=\"wp-block-cover__image-background\" alt=\"Colisi\u00f3n de cami\u00f3n comercial en carretera al atardecer con personas afectadas.\" src=\"https:\/\/chglawyers.com\/resources\/wp-content\/uploads\/2026\/08\/colisi-n-de-cami-n-comercial-en-carretera-al-atardecer-con-p-photo-9.jpg\" width=\"1376\" height=\"768\" srcset=\"https:\/\/chglawyers.com\/resources\/wp-content\/uploads\/2026\/08\/colisi-n-de-cami-n-comercial-en-carretera-al-atardecer-con-p-photo-9-150x150.jpg 150w, https:\/\/chglawyers.com\/resources\/wp-content\/uploads\/2026\/08\/colisi-n-de-cami-n-comercial-en-carretera-al-atardecer-con-p-photo-9-300x167.jpg 300w, https:\/\/chglawyers.com\/resources\/wp-content\/uploads\/2026\/08\/colisi-n-de-cami-n-comercial-en-carretera-al-atardecer-con-p-photo-9-768x429.jpg 768w, https:\/\/chglawyers.com\/resources\/wp-content\/uploads\/2026\/08\/colisi-n-de-cami-n-comercial-en-carretera-al-atardecer-con-p-photo-9-1024x572.jpg 1024w, https:\/\/chglawyers.com\/resources\/wp-content\/uploads\/2026\/08\/colisi-n-de-cami-n-comercial-en-carretera-al-atardecer-con-p-photo-9.jpg 1376w\" sizes=\"auto, (max-width: 1376px) 100vw, 1376px\"\/><\/p>\n<div class=\"wp-block-cover__inner-container has-global-padding is-layout-constrained wp-block-cover-is-layout-constrained\">\n<p class=\"chg-eyebrow has-base-color has-text-color wp-block-paragraph\">Lesiones de Espalda Catastr\u00f3ficas<\/p>\n<h1 class=\"wp-block-heading has-base-color has-text-color\">Cuando una lesi\u00f3n catastr\u00f3fica de espalda o cuello cambia tu vida para siempre<\/h1>\n<p class=\"has-base-color has-text-color wp-block-paragraph\" style=\"font-size:clamp(0.875rem, 0.875rem + ((1vw - 0.2rem) * 0.625), 1.25rem);\">Si una lesi\u00f3n de espalda catastr\u00f3fica te ha dejado con discapacidad permanente, tienes derecho a buscar justicia y compensaci\u00f3n. Nuestro equipo se dedica a representar a personas en Florida y en todo el pa\u00eds.<\/p>\n<div class=\"wp-block-buttons is-layout-flex wp-block-buttons-is-layout-flex\">\n<div class=\"wp-block-button chg-cta chg-cta-call\"><a class=\"wp-block-button__link wp-element-button\" href=\"tel:+17867514283\">Solicita una evaluaci\u00f3n gratuita de tu caso<\/a><\/div>\n<div class=\"wp-block-button chg-cta chg-cta-form\"><a class=\"wp-block-button__link wp-element-button\" href=\"https:\/\/chglawyers.com\/contact-us\/\">Solicita una evaluaci\u00f3n gratuita de tu caso<\/a><\/div>\n<\/div>\n<\/div>\n<\/div>\n<p class=\"wp-block-paragraph\" style=\"font-size:0.85rem;color:#6b7280;margin-bottom:1.5rem\">Por CHG Lawyers \u00b7 Publicado 31\/08\/2026<\/p>\n<article lang=\"es\">\n<h2>Qu\u00e9 Hace que una Lesi\u00f3n de Espalda Sea Catastr\u00f3fica: P\u00e9rdida Permanente de Funci\u00f3n<\/h2>\n<p>Una <strong>lesi\u00f3n de espalda catastr\u00f3fica<\/strong> se define por una cosa: no sana completamente. Es da\u00f1o a su columna vertebral o m\u00e9dula espinal que permanecer\u00e1 con usted de por vida. Vivir\u00e1 con p\u00e9rdida duradera de funci\u00f3n\u2014par\u00e1lisis, entumecimiento o p\u00e9rdida de control.<\/p>\n<p>Esto importa legal y financieramente. Determina sus necesidades de cuidado de por vida, sus da\u00f1os y sus derechos legales.<\/p>\n<div class=\"cta-dose-mid wp-block-group has-base-color has-accent-background-color has-text-color has-background has-global-padding is-layout-constrained wp-container-core-group-is-layout-32197852 wp-block-group-is-layout-constrained\" style=\"border-radius:8px;padding-top:1.5rem;padding-bottom:1.5rem;padding-left:1.5rem;padding-right:1.5rem;border-left:6px solid var(--wp--preset--color--cta,#900000);box-shadow:0 2px 10px rgba(0,0,0,0.18)\">\n<h3 class=\"wp-block-heading has-base-color has-text-color\">\u00bfNo sabe cu\u00e1l es su pr\u00f3ximo paso?<\/h3>\n<p class=\"wp-block-paragraph\">H\u00e1blelo con nuestro equipo: la primera consulta es gratuita, confidencial y sin compromiso.<\/p>\n<div class=\"wp-block-buttons is-layout-flex wp-block-buttons-is-layout-flex\">\n<div class=\"wp-block-button chg-cta-call\"><a class=\"wp-block-button__link wp-element-button\" href=\"tel:+17867514283\">Solicite una consulta gratuita<\/a><\/div>\n<div class=\"wp-block-button chg-cta-form\"><a class=\"wp-block-button__link wp-element-button\" href=\"https:\/\/chglawyers.com\/contact-us\/\">Solicite una consulta gratuita<\/a><\/div>\n<\/div>\n<\/div>\n<figure class=\"wp-block-image size-large has-custom-border\"><img decoding=\"async\" src=\"https:\/\/chglawyers.com\/resources\/wp-content\/uploads\/2026\/08\/investigadores-documentan-colisi-n-de-cami-n-comercial-en-ca-photo-11-1024x572.jpg\" alt=\"Investigadores documentan colisi\u00f3n de cami\u00f3n comercial en carretera cerrada.\" style=\"border-radius:8px;width:100%;aspect-ratio:16\/9;object-fit:cover\" width=\"1024\" height=\"572\" srcset=\"https:\/\/chglawyers.com\/resources\/wp-content\/uploads\/2026\/08\/investigadores-documentan-colisi-n-de-cami-n-comercial-en-ca-photo-11-150x150.jpg 150w, https:\/\/chglawyers.com\/resources\/wp-content\/uploads\/2026\/08\/investigadores-documentan-colisi-n-de-cami-n-comercial-en-ca-photo-11-300x167.jpg 300w, https:\/\/chglawyers.com\/resources\/wp-content\/uploads\/2026\/08\/investigadores-documentan-colisi-n-de-cami-n-comercial-en-ca-photo-11-768x429.jpg 768w, https:\/\/chglawyers.com\/resources\/wp-content\/uploads\/2026\/08\/investigadores-documentan-colisi-n-de-cami-n-comercial-en-ca-photo-11-1024x572.jpg 1024w, https:\/\/chglawyers.com\/resources\/wp-content\/uploads\/2026\/08\/investigadores-documentan-colisi-n-de-cami-n-comercial-en-ca-photo-11.jpg 1376w\" sizes=\"auto, (max-width: 1024px) 100vw, 1024px\" loading=\"lazy\"\/><\/figure>\n<h2>Lesi\u00f3n de Espalda Catastr\u00f3fica vs. Lesi\u00f3n Rutinaria<\/h2>\n<p>Una lesi\u00f3n de espalda rutinaria (un esguince, una fractura menor que sana, una hernia de disco que mejora con terapia) puede resolverse en semanas o meses.<\/p>\n<p>Una <strong>lesi\u00f3n de espalda catastr\u00f3fica<\/strong> es permanente y altera la vida. Las lesiones en las que nos enfocamos exclusivamente incluyen:<\/p>\n<ul>\n<li>Lesi\u00f3n de la m\u00e9dula espinal que causa par\u00e1lisis (paraplej\u00eda o tetraplej\u00eda)<\/li>\n<li>Fracturas vertebrales graves con compresi\u00f3n de la m\u00e9dula espinal y da\u00f1o permanente de nervios<\/li>\n<li>S\u00edndrome de cauda equina que causa p\u00e9rdida permanente del control de vejiga o intestinos<\/li>\n<li>Hernia de disco grave que comprime nervios tan severamente que resulta en p\u00e9rdida permanente de sensaci\u00f3n o movimiento<\/li>\n<li>Fracturas por estallido donde las v\u00e9rtebras se rompen y da\u00f1an la m\u00e9dula<\/li>\n<\/ul>\n<p>En contraste, una hernia de disco que mejora con fisioterapia es seria pero no catastr\u00f3fica.<\/p>\n<h2>Lesi\u00f3n de la M\u00e9dula Espinal: Completa e Incompleta<\/h2>\n<p>La m\u00e9dula espinal es un haz de nervios. Lleva se\u00f1ales de su cerebro a su cuerpo. Cuando se da\u00f1a, esas se\u00f1ales no pueden pasar. Esto resulta en p\u00e9rdida de sensaci\u00f3n, movimiento o control por debajo del sitio de la lesi\u00f3n.<\/p>\n<p><strong>Las lesiones de la m\u00e9dula espinal se clasifican como:<\/strong><\/p>\n<ul>\n<li><strong>Completa<\/strong>: p\u00e9rdida total de funci\u00f3n por debajo del sitio de la lesi\u00f3n. Sin sensaci\u00f3n o movimiento voluntario por debajo del nivel de la lesi\u00f3n.<\/li>\n<li><strong>Incompleta<\/strong>: p\u00e9rdida parcial de funci\u00f3n. Alguna sensaci\u00f3n o movimiento permanece pero est\u00e1 permanentemente afectado.<\/li>\n<\/ul>\n<p>Ambas son catastr\u00f3ficas porque el da\u00f1o es permanente.<\/p>\n<p><strong>Dos tipos de par\u00e1lisis resultan:<\/strong><\/p>\n<ul>\n<li><strong>Paraplej\u00eda<\/strong>: par\u00e1lisis de la parte inferior del cuerpo (piernas y tronco inferior), generalmente por lesi\u00f3n de la mitad inferior de la espalda o columna lumbar.<\/li>\n<li><strong>Tetraplej\u00eda<\/strong>: par\u00e1lisis de los cuatro miembros y tronco, generalmente por lesi\u00f3n del cuello o columna cervical superior.<\/li>\n<\/ul>\n<p>Seg\u00fan el <a href=\"https:\/\/www.nscisc.uab.edu\/\">Centro Estad\u00edstico Nacional de Lesiones de la M\u00e9dula<\/a> Espinal (NSCISC), aproximadamente 17,810 nuevas lesiones de la m\u00e9dula espinal ocurren en los Estados Unidos cada a\u00f1o. La <a href=\"https:\/\/www.christopherreeve.org\/todays-care\/living-with-paralysis\/stats-about-paralysis\/\">Fundaci\u00f3n Christopher &amp; Dana Reeve<\/a> reporta que aproximadamente 5.4 millones de estadounidenses viven con par\u00e1lisis hoy.<\/p>\n<h2>Tipos Espec\u00edficos de Lesiones Catastr\u00f3ficas de la Columna Vertebral<\/h2>\n<p><strong>Fracturas por Estallido<\/strong><\/p>\n<p>Una fractura por estallido ocurre cuando una v\u00e9rtebra se rompe bajo fuerza. Los fragmentos de hueso comprimen o secciona la m\u00e9dula espinal. Esta lesi\u00f3n a menudo resulta en par\u00e1lisis permanente o p\u00e9rdida de sensaci\u00f3n por debajo del sitio de la fractura.<\/p>\n<p><strong>S\u00edndrome de Cauda Equina<\/strong><\/p>\n<p>La cauda equina es el haz de ra\u00edces nerviosas en la base de la columna vertebral. Cuando se comprime, puede causar p\u00e9rdida permanente del control de vejiga o intestinos, par\u00e1lisis permanente de las piernas o disfunci\u00f3n sexual permanente.<\/p>\n<p>La cirug\u00eda temprana (idealmente dentro de 24\u201348 horas) a veces puede prevenir da\u00f1o permanente. Pero los retrasos a menudo resultan en discapacidad de por vida. <a href=\"https:\/\/www.mayoclinic.org\/diseases-conditions\/cauda-equina-syndrome\/symptoms-causes\/syc-20352374\">Seg\u00fan Mayo Clinic<\/a>, la lesi\u00f3n neurol\u00f3gica permanente puede ocurrir dentro de horas del inicio de los s\u00edntomas si no se trata urgentemente.<\/p>\n<p><strong>Hernia de Disco Grave con Compresi\u00f3n Permanente de Nervios<\/strong><\/p>\n<p>Una hernia de disco es catastr\u00f3fica cuando comprime nervios tan severamente que resulta en p\u00e9rdida permanente de sensaci\u00f3n o movimiento. La permanencia es lo que la define como catastr\u00f3fica.<\/p>\n<h2>Signos de Advertencia Inmediatos: Busque Atenci\u00f3n de Emergencia Ahora<\/h2>\n<p>Busque atenci\u00f3n de emergencia inmediatamente si experimenta:<\/p>\n<ul>\n<li>Dolor grave en la espalda o cuello que no mejora con descanso<\/li>\n<li>Entumecimiento u hormigueo en las piernas, pies o brazos<\/li>\n<li>P\u00e9rdida del control de vejiga o intestinos<\/li>\n<li>Incapacidad para mover las piernas o brazos<\/li>\n<li>P\u00e9rdida de sensaci\u00f3n por debajo del sitio de la lesi\u00f3n<\/li>\n<\/ul>\n<p>Estos signos sugieren participaci\u00f3n de la m\u00e9dula espinal. <a href=\"https:\/\/www.mayoclinic.org\/diseases-conditions\/spinal-cord-injury\/symptoms-causes\/syc-20377890\">Seg\u00fan Mayo Clinic<\/a>, la intervenci\u00f3n m\u00e9dica temprana\u2014incluyendo inmovilizaci\u00f3n, cirug\u00eda si es necesaria y cuidado especializado de lesi\u00f3n de la m\u00e9dula espinal\u2014a veces puede prevenir o limitar da\u00f1o permanente. Las primeras 24 a 48 horas son cr\u00edticas.<\/p>\n<p>D\u00edgale al equipo de emergencia exactamente qu\u00e9 sucedi\u00f3. D\u00edgales d\u00f3nde siente entumecimiento o debilidad. Esta informaci\u00f3n les ayuda a priorizar im\u00e1genes e intervenci\u00f3n.<\/p>\n<h2>C\u00f3mo Ocurren las Lesiones Catastr\u00f3ficas de Espalda y Cuello<\/h2>\n<p>Los eventos de alto impacto son la causa m\u00e1s com\u00fan:<\/p>\n<ul>\n<li><strong>Accidentes de camiones<\/strong>: la fuerza y peso de un cami\u00f3n comercial puede aplastar o comprimir severamente la columna vertebral<\/li>\n<li><strong>Ca\u00eddas desde altura<\/strong>: ca\u00eddas de escaleras, andamios, techos o balcones causan fracturas vertebrales graves y da\u00f1o de la m\u00e9dula espinal<\/li>\n<li><strong>Accidentes de motocicleta y ATV<\/strong>: los conductores est\u00e1n expuestos y a menudo caen directamente sobre su columna vertebral<\/li>\n<li><strong>Accidentes de buceo<\/strong>: bucear en agua poco profunda o golpear un objeto causa lesi\u00f3n inmediata de la m\u00e9dula espinal<\/li>\n<li><strong>Accidentes en sitios de construcci\u00f3n<\/strong>: maquinaria y equipo pesado causan lesiones por aplastamiento a la columna vertebral<\/li>\n<li><strong>Asaltos violentos en propiedad ajena<\/strong>: los asaltos en apartamentos, estacionamientos, hoteles u otras ubicaciones pueden resultar en lesiones de la columna vertebral por ca\u00eddas, pu\u00f1aladas o heridas de bala. Si el due\u00f1o de la propiedad no proporcion\u00f3 seguridad razonable (cerraduras y puertas que funcionen, iluminaci\u00f3n, c\u00e1maras o guardias), puede tener un reclamo legal contra el due\u00f1o de la propiedad<\/li>\n<li><strong>Negligencia m\u00e9dica<\/strong>: errores quir\u00fargicos, complicaciones de anestesia o diagn\u00f3stico retrasado de compresi\u00f3n de la m\u00e9dula espinal<\/li>\n<\/ul>\n<p>Cuando esa fuerza es causada por negligencia, imprudencia o falta de proporcionar seguridad razonable de alguien m\u00e1s, puede tener un reclamo legal.<\/p>\n<div style=\"border-left:6px solid #900000; padding:1.5rem; background-color:#f5f5f5; border-radius:8px; margin:2rem 0;\">\n<p><strong>Si ha perdido funci\u00f3n o sensaci\u00f3n despu\u00e9s de una lesi\u00f3n de espalda o cuello en un accidente, puede tener un reclamo.<\/strong> Muchas personas en su situaci\u00f3n se comunican para discutir sus opciones. Hable sobre esto con nuestro equipo. La primera consulta es gratuita, confidencial y no tiene obligaci\u00f3n.<\/p>\n<p><a href=\"tel:+17867514283\" style=\"display:inline-block; margin-right:1rem; padding:0.75rem 1.5rem; background-color:#900000; color:white; text-decoration:none; border-radius:4px;\">Obtenga una consulta gratuita<\/a> <a href=\"https:\/\/chglawyers.com\/contact-us\/\" style=\"display:inline-block; padding:0.75rem 1.5rem; background-color:#900000; color:white; text-decoration:none; border-radius:4px;\">Cont\u00e1ctenos en l\u00ednea<\/a><\/p>\n<\/div>\n<div class=\"cta-dose-mid wp-block-group has-base-color has-accent-background-color has-text-color has-background has-global-padding is-layout-constrained wp-container-core-group-is-layout-32197852 wp-block-group-is-layout-constrained\" style=\"border-radius:8px;padding-top:1.5rem;padding-bottom:1.5rem;padding-left:1.5rem;padding-right:1.5rem;border-left:6px solid var(--wp--preset--color--cta,#900000);box-shadow:0 2px 10px rgba(0,0,0,0.18)\">\n<h3 class=\"wp-block-heading has-base-color has-text-color\">\u00bfNo sabe cu\u00e1l es su pr\u00f3ximo paso?<\/h3>\n<p class=\"wp-block-paragraph\">H\u00e1blelo con nuestro equipo: la primera consulta es gratuita, confidencial y sin compromiso.<\/p>\n<div class=\"wp-block-buttons is-layout-flex wp-block-buttons-is-layout-flex\">\n<div class=\"wp-block-button chg-cta-call\"><a class=\"wp-block-button__link wp-element-button\" href=\"tel:+17867514283\">Solicite una consulta gratuita<\/a><\/div>\n<div class=\"wp-block-button chg-cta-form\"><a class=\"wp-block-button__link wp-element-button\" href=\"https:\/\/chglawyers.com\/contact-us\/\">Solicite una consulta gratuita<\/a><\/div>\n<\/div>\n<\/div>\n<h2>Vivir con Discapacidad Permanente: Los Costos Reales<\/h2>\n<p><strong>Cuidado M\u00e9dico de Por Vida<\/strong><\/p>\n<p>La lesi\u00f3n catastr\u00f3fica de la m\u00e9dula espinal requiere visitas regulares al doctor, im\u00e1genes, medicamentos y cuidado especializado. Muchas personas necesitan citas regulares con neur\u00f3logos, fisiatras (especialistas en rehabilitaci\u00f3n) y doctores de manejo del dolor.<\/p>\n<p><strong>Equipo Adaptativo y Modificaciones del Hogar<\/strong><\/p>\n<p>Sillas de ruedas, veh\u00edculos accesibles, rampas, barras de agarre y modificaciones de ba\u00f1o cuestan decenas de miles de d\u00f3lares. Si queda paralizado, su hogar puede necesitar redise\u00f1o completo para accesibilidad.<\/p>\n<p><strong>Ingresos Perdidos<\/strong><\/p>\n<p>Muchas personas no pueden volver al trabajo. O solo pueden trabajar a tiempo parcial o en una capacidad diferente. Si se lesiona joven, puede perder d\u00e9cadas de potencial de ingresos.<\/p>\n<p><strong>Asistencia de Cuidado Personal<\/strong><\/p>\n<p>Si no puede ba\u00f1arse, vestirse o usar el ba\u00f1o de forma independiente, el cuidado en el hogar a tiempo completo cuesta $50,000 a $100,000 o m\u00e1s por a\u00f1o.<\/p>\n<p><strong>Salud Mental y Calidad de Vida<\/strong><\/p>\n<p>La depresi\u00f3n, ansiedad y p\u00e9rdida de independencia son comunes. Requieren apoyo continuo.<\/p>\n<p><strong>Costos de Por Vida<\/strong><\/p>\n<p>Seg\u00fan el <a href=\"https:\/\/www.nscisc.uab.edu\/\">Centro Estad\u00edstico Nacional de Lesiones de la M\u00e9dula<\/a> Espinal, los costos de por vida para lesi\u00f3n catastr\u00f3fica de la m\u00e9dula espinal pueden exceder $4 millones para alguien lesionado a los 30 a\u00f1os. Para alguien lesionado a los 50 a\u00f1os, los costos de por vida pueden exceder $2 millones.<\/p>\n<h2>Qu\u00e9 Da\u00f1os Puede Recuperar<\/h2>\n<p>Un reclamo de <strong>lesi\u00f3n de espalda catastr\u00f3fica<\/strong> incluye:<\/p>\n<ul>\n<li>Cuidado m\u00e9dico de por vida y costos de especialistas<\/li>\n<li>Equipo adaptativo y modificaciones del hogar<\/li>\n<li>Ingresos perdidos y capacidad de ingresos perdida<\/li>\n<li>Costos de asistencia de cuidado personal<\/li>\n<li>Dolor y sufrimiento<\/li>\n<li>P\u00e9rdida de calidad de vida<\/li>\n<\/ul>\n<p>Las compa\u00f1\u00edas de seguros y los demandados toman los reclamos catastr\u00f3ficos en serio. La exposici\u00f3n financiera es mucho mayor. Un abogado que se enfoca exclusivamente en lesiones catastr\u00f3ficas entiende el alcance completo de sus costos de cuidado m\u00e9dico de por vida y puede luchar por los da\u00f1os que merece.<\/p>\n<h2>Cu\u00e1ndo Comunicarse para Obtener Ayuda Legal<\/h2>\n<p>Si ha sufrido una lesi\u00f3n de espalda o cuello en un accidente\u2014un accidente de cami\u00f3n, una ca\u00edda, un incidente en el lugar de trabajo o un asalto en propiedad ajena\u2014y est\u00e1 experimentando p\u00e9rdida permanente de funci\u00f3n, puede tener un reclamo legal. La persona o negocio responsable del accidente puede ser responsable por su cuidado m\u00e9dico, sus ingresos perdidos y sus costos de discapacidad de por vida.<\/p>\n<p>Bajo <a href=\"http:\/\/www.leg.state.fl.us\/statutes\/index.cfm?App_mode=Display_Statute&amp;URL=0000-0099\/0095\/Sections\/0095.11.html\">Estatuto de Florida \u00a795.11<\/a>, una acci\u00f3n de lesi\u00f3n personal debe generalmente presentarse dentro de 2 a\u00f1os de la fecha en que ocurri\u00f3 la lesi\u00f3n. El reloj est\u00e1 corriendo.<\/p>\n<p>Muchas personas en su situaci\u00f3n esperan demasiado tiempo para comunicarse. O intentan manejar su recuperaci\u00f3n solos. Pierden la oportunidad de responsabilizar a la parte responsable. Un abogado que se enfoca exclusivamente en lesiones catastr\u00f3ficas puede evaluar su caso, reunir evidencia y luchar por el valor completo de su reclamo.<\/p>\n<h2>Preguntas Frecuentes<\/h2>\n<details class=\"wp-block-details chg-faq is-layout-flow wp-block-details-is-layout-flow\">\n<summary>\u00bfCu\u00e1l es la diferencia entre una lesi\u00f3n de espalda grave y una catastr\u00f3fica?<\/summary>\n<p>Una lesi\u00f3n de espalda grave puede causar dolor significativo y discapacidad temporal. Se espera que sane. Una lesi\u00f3n de espalda catastr\u00f3fica causa p\u00e9rdida permanente de funci\u00f3n que lo afectar\u00e1 de por vida.<\/p>\n<\/details>\n<details class=\"wp-block-details chg-faq is-layout-flow wp-block-details-is-layout-flow\">\n<summary>\u00bfPuede recuperarse de una lesi\u00f3n de espalda catastr\u00f3fica?<\/summary>\n<p>La recuperaci\u00f3n significa rehabilitaci\u00f3n y adaptaci\u00f3n. Aprende a vivir con cambios permanentes. Puede recuperar algo de funci\u00f3n a trav\u00e9s de terapia. Pero no volver\u00e1 a su l\u00ednea base previa a la lesi\u00f3n.<\/p>\n<\/details>\n<details class=\"wp-block-details chg-faq is-layout-flow wp-block-details-is-layout-flow\">\n<summary>\u00bfCu\u00e1nto tiempo tarda en saber si una lesi\u00f3n de espalda es permanente?<\/summary>\n<p>Algunas lesiones muestran permanencia inmediatamente. Otras toman semanas o meses de tratamiento y evaluaci\u00f3n especializada para confirmar. Sus doctores le dir\u00e1n cu\u00e1ndo est\u00e9 claro que el da\u00f1o es permanente.<\/p>\n<\/details>\n<details class=\"wp-block-details chg-faq is-layout-flow wp-block-details-is-layout-flow\">\n<summary>\u00bfQu\u00e9 debo hacer si creo que mi lesi\u00f3n de espalda es catastr\u00f3fica?<\/summary>\n<p>Busque atenci\u00f3n m\u00e9dica de emergencia inmediatamente. Obtenga im\u00e1genes (resonancia magn\u00e9tica o tomograf\u00eda computarizada) y evaluaci\u00f3n especializada. Luego, comun\u00edquese con un abogado que se enfoca exclusivamente en lesiones catastr\u00f3ficas para discutir sus opciones legales.<\/p>\n<\/details>\n<details class=\"wp-block-details chg-faq is-layout-flow wp-block-details-is-layout-flow\">\n<summary>\u00bfQu\u00e9 es una demanda por lesi\u00f3n catastr\u00f3fica?<\/summary>\n<p>Una demanda por lesi\u00f3n catastr\u00f3fica es un reclamo legal presentado por una persona lesionada contra la persona o negocio responsable del accidente. Busca recuperar da\u00f1os por cuidado m\u00e9dico de por vida, ingresos perdidos, costos de discapacidad y dolor y sufrimiento.<\/p>\n<\/details>\n<hr \/>\n<figure class=\"wp-block-image size-large has-custom-border\"><img decoding=\"async\" src=\"https:\/\/chglawyers.com\/resources\/wp-content\/uploads\/2026\/08\/cami-n-volcado-en-una-carretera-rural-de-tierra-durante-el-d-photo-4-1024x717.jpg\" alt=\"Cami\u00f3n volcado en una carretera rural de tierra durante el d\u00eda.\" style=\"border-radius:8px;width:100%;aspect-ratio:16\/9;object-fit:cover\" width=\"1024\" height=\"717\" srcset=\"https:\/\/chglawyers.com\/resources\/wp-content\/uploads\/2026\/08\/cami-n-volcado-en-una-carretera-rural-de-tierra-durante-el-d-photo-4-150x150.jpg 150w, https:\/\/chglawyers.com\/resources\/wp-content\/uploads\/2026\/08\/cami-n-volcado-en-una-carretera-rural-de-tierra-durante-el-d-photo-4-300x210.jpg 300w, https:\/\/chglawyers.com\/resources\/wp-content\/uploads\/2026\/08\/cami-n-volcado-en-una-carretera-rural-de-tierra-durante-el-d-photo-4-768x538.jpg 768w, https:\/\/chglawyers.com\/resources\/wp-content\/uploads\/2026\/08\/cami-n-volcado-en-una-carretera-rural-de-tierra-durante-el-d-photo-4-1024x717.jpg 1024w, https:\/\/chglawyers.com\/resources\/wp-content\/uploads\/2026\/08\/cami-n-volcado-en-una-carretera-rural-de-tierra-durante-el-d-photo-4-1536x1076.jpg 1536w, https:\/\/chglawyers.com\/resources\/wp-content\/uploads\/2026\/08\/cami-n-volcado-en-una-carretera-rural-de-tierra-durante-el-d-photo-4.jpg 1600w\" sizes=\"auto, (max-width: 1024px) 100vw, 1024px\" loading=\"lazy\"\/><\/figure>\n<h2>Pr\u00f3ximos Pasos<\/h2>\n<p>Si ha sufrido una p\u00e9rdida permanente de funci\u00f3n o sensaci\u00f3n despu\u00e9s de una lesi\u00f3n de espalda o cuello en un accidente, la persona o negocio responsable puede ser responsable por su cuidado de por vida y costos de discapacidad. Muchas personas en su situaci\u00f3n se comunican para discutir sus opciones y entender qu\u00e9 puede valer su reclamo de par\u00e1lisis por accidente.<\/p>\n<p><strong>Cont\u00e1ctenos para una evaluaci\u00f3n de caso gratuita<\/strong> para aprender m\u00e1s sobre sus derechos y qu\u00e9 puede valer su reclamo de lesi\u00f3n de espalda catastr\u00f3fica.<\/p>\n<div style=\"border-left:6px solid #900000; padding:1.5rem; background-color:#f5f5f5; border-radius:8px; margin:2rem 0;\">\n<h3 style=\"margin-top:0;\">\u00bfNo est\u00e1 seguro de cu\u00e1l es su pr\u00f3ximo paso?<\/h3>\n<p>Hable sobre esto con nuestro equipo. La primera consulta es gratuita, confidencial y no tiene obligaci\u00f3n.<\/p>\n<p><a href=\"tel:+17867514283\" style=\"display:inline-block; margin-right:1rem; padding:0.75rem 1.5rem; background-color:#900000; color:white; text-decoration:none; border-radius:4px;\">Obtenga una consulta gratuita<\/a> <a href=\"https:\/\/chglawyers.com\/contact-us\/\" style=\"display:inline-block; padding:0.75rem 1.5rem; background-color:#900000; color:white; text-decoration:none; border-radius:4px;\">Cont\u00e1ctenos en l\u00ednea<\/a><\/p>\n<\/div>\n<hr \/>\n<\/article>\n<footer class=\"disclaimer\"><em>Se trata de publicidad de un abogado. La informaci\u00f3n proporcionada es \u00fanicamente para prop\u00f3sitos informativos generales y no constituye asesoramiento legal. Los resultados anteriores no garantizan un resultado similar, y ponerse en contacto con el despacho no crea una relaci\u00f3n abogado-cliente.<\/em><\/footer>\n<div class=\"wp-block-group alignfull has-surface-background-color has-background has-global-padding is-layout-constrained wp-container-core-group-is-layout-583d630a wp-block-group-is-layout-constrained\" style=\"padding-top:3rem;padding-bottom:3rem;padding-left:1.5rem;padding-right:1.5rem\">\n<h2 class=\"wp-block-heading has-text-align-center\">\u00bfCu\u00e1l es la diferencia entre una lesi\u00f3n grave y una catastr\u00f3fica?<\/h2>\n<div class=\"wp-block-columns is-layout-flex wp-container-core-columns-is-layout-f56f613f wp-block-columns-is-layout-flex\">\n<div class=\"wp-block-column is-layout-flow wp-block-column-is-layout-flow\">\n<div class=\"wp-block-group has-base-background-color has-background is-layout-flow wp-block-group-is-layout-flow\" style=\"border-radius:8px;box-shadow:0 4px 14px rgba(0,0,0,0.08);padding-top:1.5rem;padding-bottom:1.5rem;padding-left:1.5rem;padding-right:1.5rem\">\n<h3 class=\"wp-block-heading\">Lesi\u00f3n de espalda grave<\/h3>\n<p class=\"wp-block-paragraph\">Causa dolor significativo y puede limitar tus actividades durante un tiempo. Con tratamiento y rehabilitaci\u00f3n, se espera que mejore.<\/p>\n<\/div>\n<\/div>\n<div class=\"wp-block-column is-layout-flow wp-block-column-is-layout-flow\">\n<div class=\"wp-block-group has-base-background-color has-background is-layout-flow wp-block-group-is-layout-flow\" style=\"border-radius:8px;box-shadow:0 4px 14px rgba(0,0,0,0.08);padding-top:1.5rem;padding-bottom:1.5rem;padding-left:1.5rem;padding-right:1.5rem\">\n<h3 class=\"wp-block-heading\">Lesi\u00f3n de espalda catastr\u00f3fica<\/h3>\n<p class=\"wp-block-paragraph\">Causa p\u00e9rdida permanente de funci\u00f3n que te afectar\u00e1 de por vida. Puede resultar en par\u00e1lisis, debilidad cr\u00f3nica, dolor constante, o la necesidad de cuidados permanentes.<\/p>\n<\/div>\n<\/div>\n<\/div>\n<\/div>\n<div class=\"wp-block-group alignwide has-global-padding is-layout-constrained wp-container-core-group-is-layout-583d630a wp-block-group-is-layout-constrained\" style=\"padding-top:3rem;padding-bottom:3rem;padding-left:1.5rem;padding-right:1.5rem\">\n<h2 class=\"wp-block-heading has-text-align-center\">Por qu\u00e9 confiar en nosotros<\/h2>\n<div class=\"wp-block-columns is-layout-flex wp-container-core-columns-is-layout-f56f613f wp-block-columns-is-layout-flex\">\n<div class=\"wp-block-column is-layout-flow wp-block-column-is-layout-flow\">\n<p class=\"wp-block-paragraph\"><span class=\"chg-icon chg-icon--shield\"><\/span><\/p>\n<h3 class=\"wp-block-heading\">Dedicados a lesiones catastr\u00f3ficas<\/h3>\n<p class=\"wp-block-paragraph\">Nuestro trabajo se enfoca exclusivamente en casos de lesiones graves y permanentes que cambian vidas. Entendemos la complejidad m\u00e9dica y legal de estos casos.<\/p>\n<\/div>\n<div class=\"wp-block-column is-layout-flow wp-block-column-is-layout-flow\">\n<p class=\"wp-block-paragraph\"><span class=\"chg-icon chg-icon--location\"><\/span><\/p>\n<h3 class=\"wp-block-heading\">Presencia nacional desde Florida<\/h3>\n<p class=\"wp-block-paragraph\">Aunque estamos basados en Florida, representamos a personas en todo el pa\u00eds. Manejamos casos de lesiones catastr\u00f3ficas dondequiera que ocurran.<\/p>\n<\/div>\n<div class=\"wp-block-column is-layout-flow wp-block-column-is-layout-flow\">\n<p class=\"wp-block-paragraph\"><span class=\"chg-icon chg-icon--document\"><\/span><\/p>\n<h3 class=\"wp-block-heading\">Abogados colegiados en la Florida Bar<\/h3>\n<p class=\"wp-block-paragraph\">Nuestro equipo est\u00e1 formado por abogados licenciados y autorizados para ejercer ante los tribunales de Florida y en jurisdicciones federales.<\/p>\n<\/div>\n<\/div>\n<div class=\"wp-block-columns is-layout-flex wp-container-core-columns-is-layout-f56f613f wp-block-columns-is-layout-flex\">\n<div class=\"wp-block-column is-layout-flow wp-block-column-is-layout-flow\">\n<p class=\"wp-block-paragraph\"><span class=\"chg-icon chg-icon--heart\"><\/span><\/p>\n<h3 class=\"wp-block-heading\">Enfoque emp\u00e1tico y claro<\/h3>\n<p class=\"wp-block-paragraph\">Explicamos todo en lenguaje sencillo. Sabemos que est\u00e1s enfrentando una situaci\u00f3n dif\u00edcil, y estamos aqu\u00ed para guiarte sin jerga legal innecesaria.<\/p>\n<\/div>\n<\/div>\n<\/div>\n<div class=\"wp-block-group has-base-color has-accent-background-color has-text-color has-background has-global-padding is-layout-constrained wp-container-core-group-is-layout-32197852 wp-block-group-is-layout-constrained\" style=\"border-radius:8px;padding-top:1.5rem;padding-bottom:1.5rem;padding-left:1.5rem;padding-right:1.5rem;border-left:6px solid var(--wp--preset--color--cta,#900000);box-shadow:0 2px 10px rgba(0,0,0,0.18)\">\n<h3 class=\"wp-block-heading has-base-color has-text-color\">Tiempo es importante<\/h3>\n<p class=\"wp-block-paragraph\">Las lesiones de espalda catastr\u00f3ficas requieren documentaci\u00f3n m\u00e9dica cuidadosa y pruebas s\u00f3lidas. Cuanto antes consultes con un abogado, mejor podemos proteger tu derecho a la compensaci\u00f3n.<\/p>\n<div class=\"wp-block-buttons is-layout-flex wp-block-buttons-is-layout-flex\">\n<div class=\"wp-block-button chg-cta-call\"><a class=\"wp-block-button__link wp-element-button\" href=\"tel:+17867514283\">Habla con nosotros hoy<\/a><\/div>\n<div class=\"wp-block-button chg-cta-form\"><a class=\"wp-block-button__link wp-element-button\" href=\"https:\/\/chglawyers.com\/contact-us\/\">Habla con nosotros hoy<\/a><\/div>\n<\/div>\n<\/div>\n<div class=\"wp-block-group alignfull has-surface-background-color has-background has-global-padding is-layout-constrained wp-container-core-group-is-layout-583d630a wp-block-group-is-layout-constrained\" style=\"padding-top:3rem;padding-bottom:3rem;padding-left:1.5rem;padding-right:1.5rem\">\n<h2 class=\"wp-block-heading has-text-align-center\">Tipos de casos que manejamos<\/h2>\n<div class=\"wp-block-columns is-layout-flex wp-container-core-columns-is-layout-f56f613f wp-block-columns-is-layout-flex\">\n<div class=\"wp-block-column is-layout-flow wp-block-column-is-layout-flow\">\n<div class=\"wp-block-group has-base-background-color has-background is-layout-flow wp-block-group-is-layout-flow\" style=\"border-radius:8px;box-shadow:0 4px 14px rgba(0,0,0,0.08);padding-top:1.5rem;padding-bottom:1.5rem;padding-left:1.5rem;padding-right:1.5rem\">\n<h3 class=\"wp-block-heading\">Accidentes de camiones<\/h3>\n<p class=\"wp-block-paragraph\">Los choques con camiones grandes causan lesiones catastr\u00f3ficas de espalda. Investigamos la negligencia del conductor, el mantenimiento deficiente del veh\u00edculo y otras causas.<\/p>\n<\/div>\n<\/div>\n<div class=\"wp-block-column is-layout-flow wp-block-column-is-layout-flow\">\n<div class=\"wp-block-group has-base-background-color has-background is-layout-flow wp-block-group-is-layout-flow\" style=\"border-radius:8px;box-shadow:0 4px 14px rgba(0,0,0,0.08);padding-top:1.5rem;padding-bottom:1.5rem;padding-left:1.5rem;padding-right:1.5rem\">\n<h3 class=\"wp-block-heading\">Accidentes de motocicleta y ATV<\/h3>\n<p class=\"wp-block-paragraph\">Estas lesiones suelen resultar en da\u00f1o permanente a la columna vertebral. Buscamos responsabilidad en el conductor negligente, defectos del veh\u00edculo, o condiciones peligrosas de la carretera.<\/p>\n<\/div>\n<\/div>\n<div class=\"wp-block-column is-layout-flow wp-block-column-is-layout-flow\">\n<div class=\"wp-block-group has-base-background-color has-background is-layout-flow wp-block-group-is-layout-flow\" style=\"border-radius:8px;box-shadow:0 4px 14px rgba(0,0,0,0.08);padding-top:1.5rem;padding-bottom:1.5rem;padding-left:1.5rem;padding-right:1.5rem\">\n<h3 class=\"wp-block-heading\">Accidentes de construcci\u00f3n<\/h3>\n<p class=\"wp-block-paragraph\">Las ca\u00eddas, derrumbes y equipos defectuosos en sitios de construcci\u00f3n pueden causar lesiones catastr\u00f3ficas de espalda. Investigamos violaciones de seguridad y negligencia del empleador.<\/p>\n<\/div>\n<\/div>\n<\/div>\n<div class=\"wp-block-columns is-layout-flex wp-container-core-columns-is-layout-f56f613f wp-block-columns-is-layout-flex\">\n<div class=\"wp-block-column is-layout-flow wp-block-column-is-layout-flow\">\n<div class=\"wp-block-group has-base-background-color has-background is-layout-flow wp-block-group-is-layout-flow\" style=\"border-radius:8px;box-shadow:0 4px 14px rgba(0,0,0,0.08);padding-top:1.5rem;padding-bottom:1.5rem;padding-left:1.5rem;padding-right:1.5rem\">\n<h3 class=\"wp-block-heading\">Accidentes en servicios de transporte compartido<\/h3>\n<p class=\"wp-block-paragraph\">Los choques mientras usas un servicio de viaje compartido pueden resultar en lesiones permanentes. Perseguimos la responsabilidad del conductor y la compa\u00f1\u00eda.<\/p>\n<\/div>\n<\/div>\n<\/div>\n<\/div>\n<div class=\"wp-block-group alignwide has-global-padding is-layout-constrained wp-container-core-group-is-layout-583d630a wp-block-group-is-layout-constrained\" style=\"padding-top:3rem;padding-bottom:3rem;padding-left:1.5rem;padding-right:1.5rem\">\n<h2 class=\"wp-block-heading has-text-align-center\">C\u00f3mo podemos ayudarte<\/h2>\n<div class=\"wp-block-columns is-layout-flex wp-container-core-columns-is-layout-f56f613f wp-block-columns-is-layout-flex\">\n<div class=\"wp-block-column is-layout-flow wp-block-column-is-layout-flow\">\n<p class=\"wp-block-paragraph\"><span class=\"chg-icon chg-icon--chat\"><\/span><\/p>\n<h3 class=\"wp-block-heading\">Evaluaci\u00f3n gratuita de tu caso<\/h3>\n<p class=\"wp-block-paragraph\">Habla con nosotros sin costo. Escucharemos tu historia, explicaremos tus opciones, y te diremos qu\u00e9 pasos puedes tomar a continuaci\u00f3n.<\/p>\n<\/div>\n<div class=\"wp-block-column is-layout-flow wp-block-column-is-layout-flow\">\n<p class=\"wp-block-paragraph\"><span class=\"chg-icon chg-icon--lightbulb\"><\/span><\/p>\n<h3 class=\"wp-block-heading\">Investigaci\u00f3n exhaustiva<\/h3>\n<p class=\"wp-block-paragraph\">Reunimos pruebas m\u00e9dicas, registros de accidentes, testimonios de testigos, y dict\u00e1menes de expertos para construir un caso s\u00f3lido.<\/p>\n<\/div>\n<div class=\"wp-block-column is-layout-flow wp-block-column-is-layout-flow\">\n<p class=\"wp-block-paragraph\"><span class=\"chg-icon chg-icon--users\"><\/span><\/p>\n<h3 class=\"wp-block-heading\">Negociaci\u00f3n y litigio<\/h3>\n<p class=\"wp-block-paragraph\">Negociamos con aseguradoras y demandados. Si es necesario, llevamos tu caso ante los tribunales para luchar por la compensaci\u00f3n que mereces.<\/p>\n<\/div>\n<\/div>\n<div class=\"wp-block-columns is-layout-flex wp-container-core-columns-is-layout-f56f613f wp-block-columns-is-layout-flex\">\n<div class=\"wp-block-column is-layout-flow wp-block-column-is-layout-flow\">\n<p class=\"wp-block-paragraph\"><span class=\"chg-icon chg-icon--clock\"><\/span><\/p>\n<h3 class=\"wp-block-heading\">Representaci\u00f3n sin honorarios por adelantado<\/h3>\n<p class=\"wp-block-paragraph\">No hay honorarios a menos que haya una recuperaci\u00f3n. Trabajamos por contingencia para que el costo no sea una barrera para buscar justicia.<\/p>\n<\/div>\n<\/div>\n<\/div>\n<div class=\"wp-block-group alignfull has-base-color has-primary-background-color has-text-color has-background has-global-padding is-layout-constrained wp-container-core-group-is-layout-4d466591 wp-block-group-is-layout-constrained\" style=\"padding-top:3rem;padding-bottom:3rem;padding-left:1.5rem;padding-right:1.5rem\">\n<h2 class=\"wp-block-heading has-text-align-center has-base-color has-text-color\">Tu recuperaci\u00f3n comienza con un paso<\/h2>\n<div class=\"wp-block-buttons is-content-justification-center is-layout-flex wp-container-core-buttons-is-layout-0aa01211 wp-block-buttons-is-layout-flex\">\n<div class=\"wp-block-button chg-cta chg-cta-call\"><a class=\"wp-block-button__link wp-element-button\" href=\"tel:+17867514283\">Solicita tu evaluaci\u00f3n gratuita ahora<\/a><\/div>\n<div class=\"wp-block-button chg-cta chg-cta-form\"><a class=\"wp-block-button__link wp-element-button\" href=\"https:\/\/chglawyers.com\/contact-us\/\">Solicita tu evaluaci\u00f3n gratuita ahora<\/a><\/div>\n<\/div>\n<\/div>\n<h2 class=\"wp-block-heading\">\u00c1reas de pr\u00e1ctica relacionadas<\/h2>\n<ul class=\"wp-block-list\">\n<li><a href=\"\/resources\/es\/lesiones-catastroficas-espalda-cuello\/\">Lesiones Catastr\u00f3ficas de Espalda y Cuello: Sus Derechos Despu\u00e9s de una Lesi\u00f3n Vertebral que Cambia la Vida<\/a><\/li>\n<li><a href=\"\/resources\/es\/lesiones-catastroficas-espalda-cuello\/lesion-cervical-vs-lumbar\/\">Lesiones de Columna Cervical vs. Lumbar: C\u00f3mo la Ubicaci\u00f3n Afecta su Vida y su Demanda<\/a><\/li>\n<li><a href=\"\/resources\/es\/lesiones-catastroficas-espalda-cuello\/sindrome-cauda-equina-accidente\/\">S\u00edndrome de Cauda Equina Despu\u00e9s de un Accidente: Una Emergencia Espinal Explicada<\/a><\/li>\n<li><a href=\"\/resources\/es\/glosario\/sindrome-cauda-equina\/\">S\u00edndrome de cauda equina<\/a><\/li>\n<li>Types of Vertebral Fractures Explained | Burst<\/li>\n<\/ul>\n","protected":false},"excerpt":{"rendered":"<p>Cuando sufres una lesi\u00f3n catastr\u00f3fica de espalda o cuello, los da\u00f1os pueden ser permanentes. Descubre qu\u00e9 califica y tus derechos legales.<\/p>\n","protected":false},"author":2,"featured_media":0,"parent":1881,"menu_order":0,"comment_status":"closed","ping_status":"closed","template":"","meta":{"chg_canonical":"","chg_lang":"es","chg_hreflang":"[{\"hreflang\": \"en\", \"href\": \"https:\/\/chglawyers.com\/resources\/catastrophic-back-neck-injuries\/when-is-back-neck-injury-catastrophic\/\"}, {\"hreflang\": \"es\", \"href\": \"https:\/\/chglawyers.com\/resources\/es\/lesiones-catastroficas-espalda-cuello\/cuando-lesion-espalda-cuello-catastrofica\/\"}, {\"hreflang\": \"x-default\", \"href\": \"https:\/\/chglawyers.com\/resources\/catastrophic-back-neck-injuries\/when-is-back-neck-injury-catastrophic\/\"}]","chg_jsonld":"[{\"author\": {\"name\": \"Personal Injury Law Firm\", \"@type\": \"Organization\"}, \"@context\": \"https:\/\/schema.org\", \"headline\": \"What Makes a Back Injury Catastrophic: Permanent Loss of Function\", \"speakable\": {\"@type\": \"SpeakableSpecification\", \"cssSelector\": [\"article > p:first-of-type\", \".wp-block-details p\", \"article > h1\"]}, \"articleBody\": \"A catastrophic back injury is defined by permanence: damage to your spine or spinal cord that will not fully heal, leaving you with lasting loss of function\u2014paralysis, loss of sensation, or loss of control\u2014for the rest of your life.\", \"description\": \"Catastrophic back injuries cause permanent loss of function. Learn what qualifies, lifetime costs, and your legal rights.\", \"articleSection\": \"Legal Information\", \"about\": [{\"@type\": \"Thing\", \"name\": \"Spinal cord injury\", \"sameAs\": \"https:\/\/en.wikipedia.org\/wiki\/Spinal_cord_injury\"}, {\"@type\": \"Thing\", \"name\": \"Paraplegia\", \"sameAs\": \"https:\/\/en.wikipedia.org\/wiki\/Paraplegia\"}], \"mentions\": [{\"@type\": \"Thing\", \"name\": \"Tetraplegia\", \"sameAs\": \"https:\/\/en.wikipedia.org\/wiki\/Tetraplegia\"}, {\"@type\": \"Thing\", \"name\": \"Paralysis\", \"sameAs\": \"https:\/\/en.wikipedia.org\/wiki\/Paralysis\"}, {\"@type\": \"Thing\", \"name\": \"Cauda equina syndrome\", \"sameAs\": \"https:\/\/en.wikipedia.org\/wiki\/Cauda_equina_syndrome\"}, {\"@type\": \"Thing\", \"name\": \"Spinal cord\", \"sameAs\": \"https:\/\/en.wikipedia.org\/wiki\/Spinal_cord\"}, {\"@type\": \"Thing\", \"name\": \"American Spinal Injury Association\", \"sameAs\": \"https:\/\/en.wikipedia.org\/wiki\/American_Spinal_Injury_Association\"}, {\"@type\": \"Thing\", \"name\": \"Personal injury\", \"sameAs\": \"https:\/\/en.wikipedia.org\/wiki\/Personal_injury\"}, {\"@type\": \"Thing\", \"name\": \"Statute of limitations\", \"sameAs\": \"https:\/\/en.wikipedia.org\/wiki\/Statute_of_limitations\"}, {\"@type\": \"Thing\", \"name\": \"Comparative negligence\", \"sameAs\": \"https:\/\/en.wikipedia.org\/wiki\/Comparative_negligence\"}, {\"@type\": \"Thing\", \"name\": \"Spinal cord injury (SCI)\", \"sameAs\": \"https:\/\/www.wikidata.org\/wiki\/Q1415275\"}, {\"@type\": \"Thing\", \"name\": \"Quadriplegia\", \"sameAs\": \"https:\/\/www.wikidata.org\/wiki\/Q944758\"}, {\"@type\": \"Thing\", \"name\": \"Complete spinal cord injury\", \"sameAs\": \"https:\/\/www.wikidata.org\/wiki\/Q2310702\"}, {\"@type\": \"Thing\", \"name\": \"Incomplete spinal cord injury\", \"sameAs\": \"https:\/\/www.wikidata.org\/wiki\/Q33634915\"}], \"publisher\": {\"@type\": \"Organization\", \"name\": \"CHG Personal Injury Lawyers\", \"@id\": \"https:\/\/chglawyers.com\/resources\/#organization\", \"url\": \"https:\/\/chglawyers.com\/\"}, \"reviewedBy\": {\"@type\": \"Person\", \"name\": \"Igor Hernandez\", \"url\": \"https:\/\/spinaladvocacygroup.com\/attorneys\/igor-hernandez\/\", \"jobTitle\": \"Attorney\", \"sameAs\": [\"https:\/\/www.floridabar.org\/directories\/find-mbr\/profile\/?num=106386\", \"https:\/\/www.linkedin.com\/in\/igorh\/\", \"https:\/\/profiles.superlawyers.com\/florida\/miami\/lawyer\/igor-hernandez\/cd5f52fd-6cf1-4c47-8c6e-5e8f339a380d.html\"]}, \"inLanguage\": \"es\", \"mainEntity\": [{\"@type\": \"Question\", \"name\": \"\u00bfCu\u00e1l es la diferencia entre una lesi\u00f3n de espalda grave y una catastr\u00f3fica?\", \"acceptedAnswer\": {\"@type\": \"Answer\", \"text\": \"Una lesi\u00f3n de espalda grave puede causar dolor significativo y discapacidad temporal. Se espera que sane. Una lesi\u00f3n de espalda catastr\u00f3fica causa p\u00e9rdida permanente de funci\u00f3n que lo afectar\u00e1 de por vida.\"}}, {\"@type\": \"Question\", \"name\": \"\u00bfPuede recuperarse de una lesi\u00f3n de espalda catastr\u00f3fica?\", \"acceptedAnswer\": {\"@type\": \"Answer\", \"text\": \"La recuperaci\u00f3n significa rehabilitaci\u00f3n y adaptaci\u00f3n. Aprende a vivir con cambios permanentes. Puede recuperar algo de funci\u00f3n a trav\u00e9s de terapia. Pero no volver\u00e1 a su l\u00ednea base previa a la lesi\u00f3n.\"}}, {\"@type\": \"Question\", \"name\": \"\u00bfCu\u00e1nto tiempo tarda en saber si una lesi\u00f3n de espalda es permanente?\", \"acceptedAnswer\": {\"@type\": \"Answer\", \"text\": \"Algunas lesiones muestran permanencia inmediatamente. Otras toman semanas o meses de tratamiento y evaluaci\u00f3n especializada para confirmar. Sus doctores le dir\u00e1n cu\u00e1ndo est\u00e9 claro que el da\u00f1o es permanente.\"}}, {\"@type\": \"Question\", \"name\": \"\u00bfQu\u00e9 debo hacer si creo que mi lesi\u00f3n de espalda es catastr\u00f3fica?\", \"acceptedAnswer\": {\"@type\": \"Answer\", \"text\": \"Busque atenci\u00f3n m\u00e9dica de emergencia inmediatamente. Obtenga im\u00e1genes (resonancia magn\u00e9tica o tomograf\u00eda computarizada) y evaluaci\u00f3n especializada. Luego, comun\u00edquese con un abogado que se enfoca exclusivamente en lesiones catastr\u00f3ficas para discutir sus opciones legales.\"}}, {\"@type\": \"Question\", \"name\": \"\u00bfQu\u00e9 es una demanda por lesi\u00f3n catastr\u00f3fica?\", \"acceptedAnswer\": {\"@type\": \"Answer\", \"text\": \"Una demanda por lesi\u00f3n catastr\u00f3fica es un reclamo legal presentado por una persona lesionada contra la persona o negocio responsable del accidente. Busca recuperar da\u00f1os por cuidado m\u00e9dico de por vida, ingresos perdidos, costos de discapacidad y dolor y sufrimiento.\"}}], \"@type\": [\"Article\", \"FAQPage\"], \"image\": \"https:\/\/chglawyers.com\/resources\/wp-content\/uploads\/2026\/08\/doctor-pointing-to-spine-on-x-ray-during-examination-in-hosp-photo.jpg\"}, {\"@context\": \"https:\/\/schema.org\", \"@type\": \"BreadcrumbList\", \"itemListElement\": [{\"@type\": \"ListItem\", \"position\": 1, \"name\": \"Home\", \"item\": \"https:\/\/chglawyers.com\/resources\/\"}, {\"@type\": \"ListItem\", \"position\": 2, \"name\": \"Catastrophic Back Neck Injuries\", \"item\": \"https:\/\/chglawyers.com\/resources\/catastrophic-back-neck-injuries\/\"}, {\"@type\": \"ListItem\", \"position\": 3, \"name\": \"What Makes a Back Injury Catastrophic: Permanent\", \"item\": \"https:\/\/chglawyers.com\/resources\/catastrophic-back-neck-injuries\/when-is-back-neck-injury-catastrophic\/\"}]}]","chg_meta_description":"Cuando sufres una lesi\u00f3n catastr\u00f3fica de espalda o cuello, los da\u00f1os pueden ser permanentes. Descubre qu\u00e9 califica y tus derechos legales.","footnotes":""},"class_list":["post-35099","page","type-page","status-publish","hentry"],"_links":{"self":[{"href":"https:\/\/chglawyers.com\/resources\/wp-json\/wp\/v2\/pages\/35099","targetHints":{"allow":["GET"]}}],"collection":[{"href":"https:\/\/chglawyers.com\/resources\/wp-json\/wp\/v2\/pages"}],"about":[{"href":"https:\/\/chglawyers.com\/resources\/wp-json\/wp\/v2\/types\/page"}],"author":[{"embeddable":true,"href":"https:\/\/chglawyers.com\/resources\/wp-json\/wp\/v2\/users\/2"}],"replies":[{"embeddable":true,"href":"https:\/\/chglawyers.com\/resources\/wp-json\/wp\/v2\/comments?post=35099"}],"version-history":[{"count":5,"href":"https:\/\/chglawyers.com\/resources\/wp-json\/wp\/v2\/pages\/35099\/revisions"}],"predecessor-version":[{"id":37509,"href":"https:\/\/chglawyers.com\/resources\/wp-json\/wp\/v2\/pages\/35099\/revisions\/37509"}],"up":[{"embeddable":true,"href":"https:\/\/chglawyers.com\/resources\/wp-json\/wp\/v2\/pages\/1881"}],"wp:attachment":[{"href":"https:\/\/chglawyers.com\/resources\/wp-json\/wp\/v2\/media?parent=35099"}],"curies":[{"name":"wp","href":"https:\/\/api.w.org\/{rel}","templated":true}]}}