{"id":34642,"date":"2026-08-29T19:33:44","date_gmt":"2026-08-29T19:33:44","guid":{"rendered":"https:\/\/chglawyers.com\/resources\/es\/lesiones-catastroficas-espalda-cuello\/plazo-demanda-lesion-cuello-florida\/"},"modified":"2026-09-01T08:03:40","modified_gmt":"2026-09-01T08:03:40","slug":"plazo-demanda-lesion-cuello-florida","status":"publish","type":"page","link":"https:\/\/chglawyers.com\/resources\/es\/lesiones-catastroficas-espalda-cuello\/plazo-demanda-lesion-cuello-florida\/","title":{"rendered":"Plazo de Prescripci\u00f3n Lesiones Cuello Florida"},"content":{"rendered":"\n<div class=\"wp-block-cover alignfull is-dark\" style=\"min-height:460px;aspect-ratio:unset;\"><span aria-hidden=\"true\" class=\"wp-block-cover__background has-secondary-background-color has-background-dim-60 has-background-dim\"><\/span><img loading=\"lazy\" decoding=\"async\" class=\"wp-block-cover__image-background\" alt=\"Accidente de cami\u00f3n comercial en carretera con personas hispanohablantes afectadas.\" src=\"https:\/\/chglawyers.com\/resources\/wp-content\/uploads\/2026\/08\/accidente-de-cami-n-comercial-en-carretera-con-personas-hisp-photo-4.jpg\" width=\"1376\" height=\"768\" srcset=\"https:\/\/chglawyers.com\/resources\/wp-content\/uploads\/2026\/08\/accidente-de-cami-n-comercial-en-carretera-con-personas-hisp-photo-4-150x150.jpg 150w, https:\/\/chglawyers.com\/resources\/wp-content\/uploads\/2026\/08\/accidente-de-cami-n-comercial-en-carretera-con-personas-hisp-photo-4-300x167.jpg 300w, https:\/\/chglawyers.com\/resources\/wp-content\/uploads\/2026\/08\/accidente-de-cami-n-comercial-en-carretera-con-personas-hisp-photo-4-768x429.jpg 768w, https:\/\/chglawyers.com\/resources\/wp-content\/uploads\/2026\/08\/accidente-de-cami-n-comercial-en-carretera-con-personas-hisp-photo-4-1024x572.jpg 1024w, https:\/\/chglawyers.com\/resources\/wp-content\/uploads\/2026\/08\/accidente-de-cami-n-comercial-en-carretera-con-personas-hisp-photo-4.jpg 1376w\" sizes=\"auto, (max-width: 1376px) 100vw, 1376px\"\/><div class=\"wp-block-cover__inner-container has-global-padding is-layout-constrained wp-block-cover-is-layout-constrained\">\n<p class=\"chg-eyebrow has-base-color has-text-color wp-block-paragraph\">Lesiones de Cuello en Florida<\/p><h1 class=\"wp-block-heading has-base-color has-text-color\">Plazo de Prescripci\u00f3n para Reclamaciones por Lesiones de Cuello<\/h1><p class=\"has-base-color has-text-color wp-block-paragraph\" style=\"font-size:clamp(0.875rem, 0.875rem + ((1vw - 0.2rem) * 0.625), 1.25rem);\">Comprenda el tiempo l\u00edmite para presentar su demanda y proteja sus derechos legales<\/p><div class=\"wp-block-buttons is-layout-flex wp-block-buttons-is-layout-flex\"><div class=\"wp-block-button chg-cta chg-cta-call\"><a class=\"wp-block-button__link wp-element-button\" href=\"tel:+17867514283\">Solicite una evaluaci\u00f3n gratuita de su caso<\/a><\/div><div class=\"wp-block-button chg-cta chg-cta-form\"><a class=\"wp-block-button__link wp-element-button\" href=\"https:\/\/chglawyers.com\/contact-us\/\">Solicite una evaluaci\u00f3n gratuita de su caso<\/a><\/div><\/div>\n<\/div><\/div>\n\n\n<p class=\"wp-block-paragraph\" style=\"font-size:0.85rem;color:#6b7280;margin-bottom:1.5rem\">Por CHG Lawyers \u00b7 Publicado 29\/08\/2026<\/p>\n\n<article lang=\"es\">\n\n<h2>\u00bfCu\u00e1nto Tiempo Tiene para Presentar una Demanda por Lesi\u00f3n Catastr\u00f3fica de Cuello en Florida?<\/h2>\n<p>En Florida, tiene <strong>dos a\u00f1os a partir de la fecha de su lesi\u00f3n<\/strong> para presentar una demanda por lesi\u00f3n catastr\u00f3fica de cuello. Este plazo es estricto. Perderlo t\u00edpicamente significa que su demanda se desestima para siempre\u2014pierde el derecho a recuperar da\u00f1os y perjuicios, incluso si otra persona fue claramente responsable.<\/p>\n<p>Este plazo se llama el <strong>plazo de prescripci\u00f3n<\/strong>. Se aplica a todos los reclamos de lesiones personales por accidentes, negligencia o conducta indebida que cause una lesi\u00f3n catastr\u00f3fica de cuello. Entender cu\u00e1ndo comienza el reloj y qu\u00e9 sucede si lo pierde es cr\u00edtico.<\/p>\n\n<div class=\"cta-dose-mid wp-block-group has-base-color has-accent-background-color has-text-color has-background has-global-padding is-layout-constrained wp-container-core-group-is-layout-32197852 wp-block-group-is-layout-constrained\" style=\"border-radius:8px;padding-top:1.5rem;padding-bottom:1.5rem;padding-left:1.5rem;padding-right:1.5rem;border-left:6px solid var(--wp--preset--color--cta,#900000);box-shadow:0 2px 10px rgba(0,0,0,0.18)\">\n<h3 class=\"wp-block-heading has-base-color has-text-color\">\u00bfNo sabe cu\u00e1l es su pr\u00f3ximo paso?<\/h3><p class=\"wp-block-paragraph\">H\u00e1blelo con nuestro equipo: la primera consulta es gratuita, confidencial y sin compromiso.<\/p><div class=\"wp-block-buttons is-layout-flex wp-block-buttons-is-layout-flex\"><div class=\"wp-block-button chg-cta-call\"><a class=\"wp-block-button__link wp-element-button\" href=\"tel:+17867514283\">Solicite una consulta gratuita<\/a><\/div><div class=\"wp-block-button chg-cta-form\"><a class=\"wp-block-button__link wp-element-button\" href=\"https:\/\/chglawyers.com\/contact-us\/\">Solicite una consulta gratuita<\/a><\/div><\/div>\n<\/div>\n\n<figure class=\"wp-block-image size-large has-custom-border\"><img src=\"https:\/\/chglawyers.com\/resources\/wp-content\/uploads\/2026\/08\/veh-culos-y-autos-congestionados-en-una-autopista-urbana-dur-photo-1-1024x682.jpg\" alt=\"Veh\u00edculos y autos congestionados en una autopista urbana durante el d\u00eda.\" style=\"border-radius:8px;width:100%;aspect-ratio:16\/9;object-fit:cover\" width=\"1024\" height=\"682\" srcset=\"https:\/\/chglawyers.com\/resources\/wp-content\/uploads\/2026\/08\/veh-culos-y-autos-congestionados-en-una-autopista-urbana-dur-photo-1-150x150.jpg 150w, https:\/\/chglawyers.com\/resources\/wp-content\/uploads\/2026\/08\/veh-culos-y-autos-congestionados-en-una-autopista-urbana-dur-photo-1-300x200.jpg 300w, https:\/\/chglawyers.com\/resources\/wp-content\/uploads\/2026\/08\/veh-culos-y-autos-congestionados-en-una-autopista-urbana-dur-photo-1-768x512.jpg 768w, https:\/\/chglawyers.com\/resources\/wp-content\/uploads\/2026\/08\/veh-culos-y-autos-congestionados-en-una-autopista-urbana-dur-photo-1-1024x682.jpg 1024w, https:\/\/chglawyers.com\/resources\/wp-content\/uploads\/2026\/08\/veh-culos-y-autos-congestionados-en-una-autopista-urbana-dur-photo-1-1536x1023.jpg 1536w, https:\/\/chglawyers.com\/resources\/wp-content\/uploads\/2026\/08\/veh-culos-y-autos-congestionados-en-una-autopista-urbana-dur-photo-1.jpg 1600w\" sizes=\"auto, (max-width: 1024px) 100vw, 1024px\" loading=\"lazy\" decoding=\"async\"\/><\/figure>\n<h2>\u00bfCu\u00e1ndo Comienza el Reloj de Dos A\u00f1os?<\/h2>\n<p>El plazo de prescripci\u00f3n comienza en la <strong>fecha del accidente o lesi\u00f3n misma<\/strong>\u2014no cuando descubre la extensi\u00f3n completa de sus lesiones. Esta distinci\u00f3n es enormemente importante.<\/p>\n<p>Muchas personas asumen que el reloj comienza cuando se dan cuenta de que su lesi\u00f3n es permanente o catastr\u00f3fica. Esa es una idea peligrosamente equivocada.<\/p>\n<p>Si se lesiona el 15 de enero de 2024, su plazo de dos a\u00f1os vence el 15 de enero de 2026. Esto es cierto independientemente de si no supo hasta meses despu\u00e9s que el da\u00f1o de su m\u00e9dula espinal es permanente o que ha desarrollado dolor cr\u00f3nico y p\u00e9rdida de funci\u00f3n.<\/p>\n<p>Documentar la fecha exacta y las circunstancias de su lesi\u00f3n es cr\u00edtico. Establece cu\u00e1ndo comenz\u00f3 a correr su per\u00edodo de plazo de prescripci\u00f3n.<\/p>\n<h2>\u00bfQu\u00e9 Cuenta como una Lesi\u00f3n Catastr\u00f3fica de Cuello?<\/h2>\n<p>Las lesiones catastr\u00f3ficas de cuello son condiciones graves que alteran la vida y causan da\u00f1o neurol\u00f3gico permanente. Estas incluyen:<\/p>\n<ul>\n<li><strong>Par\u00e1lisis parcial o completa<\/strong> (paraplej\u00eda o tetraplej\u00eda, dependiendo del nivel de afectaci\u00f3n de la m\u00e9dula espinal)<\/li>\n<li><strong>P\u00e9rdida de sensaci\u00f3n<\/strong> en los brazos, piernas o torso<\/li>\n<li><strong>P\u00e9rdida de funci\u00f3n motora<\/strong> y control muscular<\/li>\n<li><strong>Dolor cr\u00f3nico<\/strong> y s\u00edntomas neurop\u00e1ticos<\/li>\n<li><strong>P\u00e9rdida del control de la vejiga o intestinos<\/strong><\/li>\n<li><strong>Compromiso respiratorio<\/strong> (en casos graves que afectan la columna cervical superior)<\/li>\n<\/ul>\n<p><a href=\"https:\/\/www.christopherreeve.org\/todays-care\/living-with-paralysis\/stats-about-paralysis\/\">Seg\u00fan la Fundaci\u00f3n Christopher &#038;amp<\/a>; Dana Reeve, aproximadamente 5.4 millones de estadounidenses viven con par\u00e1lisis, y las lesiones de m\u00e9dula espinal son una causa principal. <a href=\"https:\/\/www.mayoclinic.org\/diseases-conditions\/spinal-cord-injury\/symptoms-causes\/syc-20377890\">La Cl\u00ednica Mayo se\u00f1ala que las lesiones de<\/a> m\u00e9dula espinal pueden resultar de accidentes traum\u00e1ticos, incluyendo choques de veh\u00edculos motorizados, ca\u00eddas y asaltos violentos.<\/p>\n<p>Estas lesiones requieren atenci\u00f3n m\u00e9dica inmediata, rehabilitaci\u00f3n a largo plazo, dispositivos de asistencia, modificaciones del hogar y tratamiento m\u00e9dico especializado continuo. El costo financiero y emocional es inmenso.<\/p>\n<h2>El Plazo de Prescripci\u00f3n de Florida: La Regla Legal<\/h2>\n<p><a href=\"http:\/\/www.leg.state.fl.us\/statutes\/index.cfm?App_mode=Display_Statute&amp;URL=0000-0099\/0095\/Sections\/0095.11.html\">Bajo la Ley Estatutaria de Florida \u00a795<\/a>.11, para causas de acci\u00f3n que surjan en o despu\u00e9s del 24 de marzo de 2023, una persona tiene dos a\u00f1os a partir de la fecha de la lesi\u00f3n para presentar una demanda por negligencia o lesi\u00f3n personal. Esto se aplica a demandas por lesiones catastr\u00f3ficas de cuello.<\/p>\n<p>El plazo de prescripci\u00f3n es un <strong>plazo definitivo<\/strong>. Los tribunales no lo extienden rutinariamente.<\/p>\n<p>Las excepciones existen solo en circunstancias limitadas\u2014por ejemplo, si el demandado estaba fuera del estado cuando ocurri\u00f3 la lesi\u00f3n, o si la persona lesionada era menor de edad en el momento de la lesi\u00f3n. Pero estas excepciones son raras y requieren que se cumplan condiciones legales espec\u00edficas.<\/p>\n<p>Si presenta su demanda incluso un d\u00eda despu\u00e9s de la marca de dos a\u00f1os, el demandado puede solicitar la desestimaci\u00f3n del caso. El tribunal casi ciertamente otorgar\u00e1 esa moci\u00f3n. Su demanda entonces se ve impedida para siempre.<\/p>\n<h2>\u00bfQu\u00e9 Sucede Si Pierde el Plazo?<\/h2>\n<p>Perder el plazo de prescripci\u00f3n tiene un resultado: <strong>su demanda se desestima, y no puede recuperar da\u00f1os y perjuicios alguno<\/strong>.<\/p>\n<p>Esto es cierto incluso si:<\/p>\n<ul>\n<li>La responsabilidad es clara y el demandado fue obviamente culpable<\/li>\n<li>Sus lesiones son graves y catastr\u00f3ficas<\/li>\n<li>Tiene facturas m\u00e9dicas sustanciales e ingresos perdidos<\/li>\n<li>No se dio cuenta de que el plazo se aproximaba<\/li>\n<\/ul>\n<p>El plazo de prescripci\u00f3n es una regla procesal que los tribunales hacen cumplir estrictamente. Existe para dar a los demandados certeza y para alentar a los demandantes a actuar prontamente. Pero para la persona lesionada, perder el plazo es devastador. Pierde su derecho a responsabilizar a la parte responsable y a recuperar compensaci\u00f3n por su atenci\u00f3n m\u00e9dica, ingresos perdidos, dolor y sufrimiento, y otros da\u00f1os y perjuicios.<\/p>\n<h2>C\u00f3mo Sus Propias Acciones Afectan Su Demanda: Responsabilidad Comparativa<\/h2>\n<p>Florida sigue una <strong>regla de responsabilidad comparativa<\/strong>. <a href=\"http:\/\/www.leg.state.fl.us\/statutes\/index.cfm?App_mode=Display_Statute&amp;URL=0700-0799\/0768\/Sections\/0768.81.html\">Bajo la Ley Estatutaria de Florida \u00a7768<\/a>.81, si se determina que usted es m\u00e1s del 50% responsable del accidente que caus\u00f3 su lesi\u00f3n de cuello, no puede recuperar da\u00f1os y perjuicios alguno.<\/p>\n<p>Por ejemplo, si se lesion\u00f3 en un choque de veh\u00edculos motorizados y estaba excediendo el l\u00edmite de velocidad o distra\u00eddo, el demandado puede argumentar que comparte responsabilidad por el accidente. Si un jurado lo encuentra m\u00e1s del 50% responsable, su recuperaci\u00f3n es cero\u2014incluso si el otro conductor tambi\u00e9n fue negligente.<\/p>\n<p>Si se determina que es 50% o menos responsable, puede recuperar da\u00f1os y perjuicios. Sin embargo, su recuperaci\u00f3n se reduce por su porcentaje de responsabilidad. Entonces, si es 30% responsable y sus da\u00f1os y perjuicios son $100,000, recupera $70,000.<\/p>\n<p>Entender c\u00f3mo la responsabilidad comparativa podr\u00eda aplicarse a su situaci\u00f3n es importante. Pero no cambia el plazo de prescripci\u00f3n. A\u00fan tiene dos a\u00f1os para presentar, independientemente de preguntas sobre responsabilidad.<\/p>\n\n<div class=\"cta-dose-mid wp-block-group has-base-color has-accent-background-color has-text-color has-background has-global-padding is-layout-constrained wp-container-core-group-is-layout-32197852 wp-block-group-is-layout-constrained\" style=\"border-radius:8px;padding-top:1.5rem;padding-bottom:1.5rem;padding-left:1.5rem;padding-right:1.5rem;border-left:6px solid var(--wp--preset--color--cta,#900000);box-shadow:0 2px 10px rgba(0,0,0,0.18)\">\n<h3 class=\"wp-block-heading has-base-color has-text-color\">\u00bfNo sabe cu\u00e1l es su pr\u00f3ximo paso?<\/h3><p class=\"wp-block-paragraph\">H\u00e1blelo con nuestro equipo: la primera consulta es gratuita, confidencial y sin compromiso.<\/p><div class=\"wp-block-buttons is-layout-flex wp-block-buttons-is-layout-flex\"><div class=\"wp-block-button chg-cta-call\"><a class=\"wp-block-button__link wp-element-button\" href=\"tel:+17867514283\">Solicite una consulta gratuita<\/a><\/div><div class=\"wp-block-button chg-cta-form\"><a class=\"wp-block-button__link wp-element-button\" href=\"https:\/\/chglawyers.com\/contact-us\/\">Solicite una consulta gratuita<\/a><\/div><\/div>\n<\/div>\n<h2>Preguntas Comunes Sobre el Plazo de Prescripci\u00f3n por Lesi\u00f3n de Cuello en Florida<\/h2><details class=\"wp-block-details chg-faq is-layout-flow wp-block-details-is-layout-flow\"><summary>\u00bfSe aplica el plazo de prescripci\u00f3n a todos los tipos de accidentes?<\/summary><p>S\u00ed. Ya sea que su lesi\u00f3n catastr\u00f3fica de cuello surgiera de un choque de cami\u00f3n, un incidente de seguridad negligente (asalto o ataque en una propiedad insegura), una ca\u00edda, un accidente laboral, o cualquier otra causa, el plazo de prescripci\u00f3n de dos a\u00f1os se aplica a su reclamo de lesi\u00f3n personal.<\/p><\/details><details class=\"wp-block-details chg-faq is-layout-flow wp-block-details-is-layout-flow\"><summary>\u00bfPuedo extender el plazo de prescripci\u00f3n?<\/summary><p>En circunstancias raras, s\u00ed\u2014pero solo si se cumplen condiciones legales espec\u00edficas, como que el demandado est\u00e9 fuera del estado o que la persona lesionada sea menor de edad. Estas excepciones son limitadas. No asuma que tiene tiempo extra.<\/p><\/details><details class=\"wp-block-details chg-faq is-layout-flow wp-block-details-is-layout-flow\"><summary>\u00bfQu\u00e9 si a\u00fan estoy en tratamiento m\u00e9dico? \u00bfEso pausa el reloj?<\/summary><p>No. El reloj del plazo de prescripci\u00f3n no se pausa mientras recibe tratamiento o espera a que sus lesiones se estabilicen. Corre a partir de la fecha de la lesi\u00f3n, independientemente de su estado m\u00e9dico.<\/p><\/details><details class=\"wp-block-details chg-faq is-layout-flow wp-block-details-is-layout-flow\"><summary>\u00bfNecesito presentar una demanda antes del plazo, o solo presentar un reclamo con la compa\u00f1\u00eda de seguros?<\/summary><p>Debe <strong>presentar una demanda<\/strong> (formalmente, una demanda en la corte) antes de que expire el plazo de prescripci\u00f3n. Presentar un reclamo de seguros o una carta de demanda no detiene el reloj. Si no presenta una demanda antes del plazo de dos a\u00f1os, su reclamo se ve impedido.<\/p><\/details><details class=\"wp-block-details chg-faq is-layout-flow wp-block-details-is-layout-flow\"><summary>\u00bfQu\u00e9 si el demandado est\u00e1 fuera del estado?<\/summary><p>Si el demandado estaba fuera de Florida cuando ocurri\u00f3 su lesi\u00f3n y permaneci\u00f3 fuera del estado, el plazo de prescripci\u00f3n puede ser suspendido (pausado) por el tiempo que estuvo ausente. Sin embargo, esta excepci\u00f3n es compleja y requiere an\u00e1lisis legal. No conf\u00ede en ella sin consultar a un abogado.<\/p><\/details>\n<figure class=\"wp-block-image size-large has-custom-border\"><img src=\"https:\/\/chglawyers.com\/resources\/wp-content\/uploads\/2026\/08\/cami-n-da-ado-con-cinta-de-polic-a-en-escena-de-accidente-photo-21-1024x682.jpg\" alt=\"Cami\u00f3n da\u00f1ado con cinta de polic\u00eda en escena de accidente.\" style=\"border-radius:8px;width:100%;aspect-ratio:16\/9;object-fit:cover\" width=\"1024\" height=\"682\" srcset=\"https:\/\/chglawyers.com\/resources\/wp-content\/uploads\/2026\/08\/cami-n-da-ado-con-cinta-de-polic-a-en-escena-de-accidente-photo-21-150x150.jpg 150w, https:\/\/chglawyers.com\/resources\/wp-content\/uploads\/2026\/08\/cami-n-da-ado-con-cinta-de-polic-a-en-escena-de-accidente-photo-21-300x200.jpg 300w, https:\/\/chglawyers.com\/resources\/wp-content\/uploads\/2026\/08\/cami-n-da-ado-con-cinta-de-polic-a-en-escena-de-accidente-photo-21-768x512.jpg 768w, https:\/\/chglawyers.com\/resources\/wp-content\/uploads\/2026\/08\/cami-n-da-ado-con-cinta-de-polic-a-en-escena-de-accidente-photo-21-1024x682.jpg 1024w, https:\/\/chglawyers.com\/resources\/wp-content\/uploads\/2026\/08\/cami-n-da-ado-con-cinta-de-polic-a-en-escena-de-accidente-photo-21-1536x1023.jpg 1536w, https:\/\/chglawyers.com\/resources\/wp-content\/uploads\/2026\/08\/cami-n-da-ado-con-cinta-de-polic-a-en-escena-de-accidente-photo-21.jpg 1600w\" sizes=\"auto, (max-width: 1024px) 100vw, 1024px\" loading=\"lazy\" decoding=\"async\"\/><\/figure>\n<h2>Por Qu\u00e9 Actuar Ahora Es Importante<\/h2>\n<p>Una lesi\u00f3n catastr\u00f3fica de cuello transforma su vida instant\u00e1neamente. Enfrenta decisiones m\u00e9dicas urgentes, rehabilitaci\u00f3n, tensi\u00f3n financiera y el desaf\u00edo a largo plazo de adaptarse a la discapacidad permanente.<\/p>\n<p>El proceso legal\u2014asegurar compensaci\u00f3n de la parte responsable\u2014es un paso cr\u00edtico en asegurar los recursos que necesita para atenci\u00f3n, recuperaci\u00f3n y reconstrucci\u00f3n.<\/p>\n<p>Pero el plazo de prescripci\u00f3n le da solo dos a\u00f1os. Ese plazo se aproxima m\u00e1s r\u00e1pido de lo que muchas personas se dan cuenta, especialmente cuando se enfocan en tratamiento m\u00e9dico y recuperaci\u00f3n.<\/p>\n<p>En los casos de lesiones catastr\u00f3ficas que maneja nuestro despacho, vemos a personas esperar demasiado. Esperan entender la extensi\u00f3n completa de sus lesiones antes de perseguir un reclamo. Esa cautela es comprensible\u2014pero puede ser fatal para sus derechos legales. Una vez que pasa el plazo de dos a\u00f1os, ninguna cantidad de evidencia o simpat\u00eda restaurar\u00e1 su reclamo.<\/p>\n<hr \/>\n<p>Si sufri\u00f3 una lesi\u00f3n grave de cuello en un accidente\u2014ya sea por un choque de cami\u00f3n, una ca\u00edda, un asalto en una propiedad insegura, u otra causa\u2014y no est\u00e1 seguro de si a\u00fan tiene tiempo para presentar un reclamo, <a href=\"https:\/\/chglawyers.com\/contact-us\/\">comun\u00edquese para una evaluaci\u00f3n de caso gratuita<\/a>. Podemos revisar la fecha de su lesi\u00f3n, explicar sus opciones, y asegurar que el plazo de prescripci\u00f3n no se escape mientras se enfoca en la recuperaci\u00f3n.<\/p>\n\n<\/article>\n<footer class=\"disclaimer\"><em>Esta es publicidad de un abogado. La informaci\u00f3n proporcionada es solo para prop\u00f3sitos informativos generales y no constituye asesoramiento legal. Los resultados anteriores no garantizan un resultado similar, y ponerse en contacto con el despacho no crea una relaci\u00f3n abogado-cliente.<\/em><\/footer>\n\n\n<div class=\"wp-block-group has-base-color has-accent-background-color has-text-color has-background has-global-padding is-layout-constrained wp-container-core-group-is-layout-32197852 wp-block-group-is-layout-constrained\" style=\"border-radius:8px;padding-top:1.5rem;padding-bottom:1.5rem;padding-left:1.5rem;padding-right:1.5rem;border-left:6px solid var(--wp--preset--color--cta,#900000);box-shadow:0 2px 10px rgba(0,0,0,0.18)\">\n<h3 class=\"wp-block-heading has-base-color has-text-color\">\u23f0 Plazo cr\u00edtico: dos a\u00f1os<\/h3><p class=\"wp-block-paragraph\">En Florida, tiene dos a\u00f1os desde la fecha de su lesi\u00f3n de cuello para presentar una demanda por lesi\u00f3n personal. Este plazo es estricto y no se puede extender en la mayor\u00eda de los casos. Si espera demasiado, perder\u00e1 su derecho legal a buscar compensaci\u00f3n.<\/p><div class=\"wp-block-buttons is-layout-flex wp-block-buttons-is-layout-flex\"><div class=\"wp-block-button chg-cta-call\"><a class=\"wp-block-button__link wp-element-button\" href=\"tel:+17867514283\">Hable con un abogado ahora<\/a><\/div><div class=\"wp-block-button chg-cta-form\"><a class=\"wp-block-button__link wp-element-button\" href=\"https:\/\/chglawyers.com\/contact-us\/\">Hable con un abogado ahora<\/a><\/div><\/div>\n<\/div>\n\n\n\n<div class=\"wp-block-group alignfull has-surface-background-color has-background has-global-padding is-layout-constrained wp-container-core-group-is-layout-583d630a wp-block-group-is-layout-constrained\" style=\"padding-top:3rem;padding-bottom:3rem;padding-left:1.5rem;padding-right:1.5rem\">\n<h2 class=\"wp-block-heading has-text-align-center\">Preguntas frecuentes sobre el plazo de prescripci\u00f3n<\/h2>\n<div class=\"wp-block-columns is-layout-flex wp-container-core-columns-is-layout-f56f613f wp-block-columns-is-layout-flex\"><div class=\"wp-block-column is-layout-flow wp-block-column-is-layout-flow\"><div class=\"wp-block-group has-base-background-color has-background is-layout-flow wp-block-group-is-layout-flow\" style=\"border-radius:8px;box-shadow:0 4px 14px rgba(0,0,0,0.08);padding-top:1.5rem;padding-bottom:1.5rem;padding-left:1.5rem;padding-right:1.5rem\"><h3 class=\"wp-block-heading\">\u00bfSe aplica el plazo a todos los tipos de accidentes?<\/h3><p class=\"wp-block-paragraph\">S\u00ed. Ya sea que su lesi\u00f3n catastr\u00f3fica de cuello surgiera de un choque de cami\u00f3n, un incidente de seguridad negligente (asalto o ataque en una propiedad insegura), una ca\u00edda, un accidente laboral o cualquier otra causa, el plazo de prescripci\u00f3n de dos a\u00f1os se aplica a su reclamo de lesi\u00f3n personal.<\/p><\/div><\/div><div class=\"wp-block-column is-layout-flow wp-block-column-is-layout-flow\"><div class=\"wp-block-group has-base-background-color has-background is-layout-flow wp-block-group-is-layout-flow\" style=\"border-radius:8px;box-shadow:0 4px 14px rgba(0,0,0,0.08);padding-top:1.5rem;padding-bottom:1.5rem;padding-left:1.5rem;padding-right:1.5rem\"><h3 class=\"wp-block-heading\">\u00bfQu\u00e9 sucede si no presento una demanda a tiempo?<\/h3><p class=\"wp-block-paragraph\">Si no presenta su demanda antes de que expire el plazo de dos a\u00f1os, los tribunales pueden desestimar su caso, sin importar la fortaleza de su reclamo. Esto significa que perder\u00e1 la oportunidad de buscar compensaci\u00f3n por sus lesiones, gastos m\u00e9dicos y otros da\u00f1os.<\/p><\/div><\/div><div class=\"wp-block-column is-layout-flow wp-block-column-is-layout-flow\"><div class=\"wp-block-group has-base-background-color has-background is-layout-flow wp-block-group-is-layout-flow\" style=\"border-radius:8px;box-shadow:0 4px 14px rgba(0,0,0,0.08);padding-top:1.5rem;padding-bottom:1.5rem;padding-left:1.5rem;padding-right:1.5rem\"><h3 class=\"wp-block-heading\">\u00bfHay excepciones al plazo de dos a\u00f1os?<\/h3><p class=\"wp-block-paragraph\">En circunstancias muy limitadas, el plazo puede pausarse o extenderse. Por ejemplo, si el demandado se va de Florida o si usted es menor de edad en el momento de la lesi\u00f3n, pueden aplicarse reglas especiales. Un abogado puede evaluar si alguna excepci\u00f3n se aplica a su situaci\u00f3n.<\/p><\/div><\/div><\/div>\n\n\n<div class=\"wp-block-columns is-layout-flex wp-container-core-columns-is-layout-f56f613f wp-block-columns-is-layout-flex\"><div class=\"wp-block-column is-layout-flow wp-block-column-is-layout-flow\"><div class=\"wp-block-group has-base-background-color has-background is-layout-flow wp-block-group-is-layout-flow\" style=\"border-radius:8px;box-shadow:0 4px 14px rgba(0,0,0,0.08);padding-top:1.5rem;padding-bottom:1.5rem;padding-left:1.5rem;padding-right:1.5rem\"><h3 class=\"wp-block-heading\">\u00bfCu\u00e1ndo comienza a contar el plazo de prescripci\u00f3n?<\/h3><p class=\"wp-block-paragraph\">El plazo generalmente comienza en la fecha en que ocurri\u00f3 su lesi\u00f3n de cuello. En algunos casos raros, puede comenzar cuando usted descubre la lesi\u00f3n. Es crucial actuar r\u00e1pidamente para asegurar que su demanda se presente a tiempo.<\/p><\/div><\/div><\/div>\n\n<\/div>\n\n\n\n<div class=\"wp-block-group alignwide has-global-padding is-layout-constrained wp-container-core-group-is-layout-583d630a wp-block-group-is-layout-constrained\" style=\"padding-top:3rem;padding-bottom:3rem;padding-left:1.5rem;padding-right:1.5rem\">\n<h2 class=\"wp-block-heading has-text-align-center\">Por qu\u00e9 debe actuar ahora<\/h2>\n<div class=\"wp-block-columns is-layout-flex wp-container-core-columns-is-layout-f56f613f wp-block-columns-is-layout-flex\"><div class=\"wp-block-column is-layout-flow wp-block-column-is-layout-flow\"><p class=\"wp-block-paragraph\"><span class=\"chg-icon chg-icon--clock\"><\/span><\/p><h3 class=\"wp-block-heading\">El tiempo es cr\u00edtico<\/h3><p class=\"wp-block-paragraph\">Cada d\u00eda que pasa lo acerca m\u00e1s al vencimiento del plazo. No espere hasta el \u00faltimo momento para buscar asesoramiento legal.<\/p><\/div><div class=\"wp-block-column is-layout-flow wp-block-column-is-layout-flow\"><p class=\"wp-block-paragraph\"><span class=\"chg-icon chg-icon--document\"><\/span><\/p><h3 class=\"wp-block-heading\">Preservar la evidencia<\/h3><p class=\"wp-block-paragraph\">Cuanto antes presente su caso, m\u00e1s f\u00e1cil ser\u00e1 recopilar pruebas, registros m\u00e9dicos y testimonios de testigos mientras los detalles a\u00fan est\u00e1n frescos.<\/p><\/div><div class=\"wp-block-column is-layout-flow wp-block-column-is-layout-flow\"><p class=\"wp-block-paragraph\"><span class=\"chg-icon chg-icon--shield\"><\/span><\/p><h3 class=\"wp-block-heading\">Proteger sus derechos<\/h3><p class=\"wp-block-paragraph\">Una consulta legal temprana asegura que comprenda completamente sus opciones y que sus derechos est\u00e9n protegidos desde el principio.<\/p><\/div><\/div>\n\n\n<div class=\"wp-block-columns is-layout-flex wp-container-core-columns-is-layout-f56f613f wp-block-columns-is-layout-flex\"><div class=\"wp-block-column is-layout-flow wp-block-column-is-layout-flow\"><p class=\"wp-block-paragraph\"><span class=\"chg-icon chg-icon--phone\"><\/span><\/p><h3 class=\"wp-block-heading\">Asesoramiento profesional<\/h3><p class=\"wp-block-paragraph\">Un abogado puede evaluar el valor de su reclamo, explicar sus opciones y guiarlo a trav\u00e9s del proceso legal con confianza.<\/p><\/div><\/div>\n\n<\/div>\n\n\n\n<div class=\"wp-block-group alignfull has-base-color has-primary-background-color has-text-color has-background has-global-padding is-layout-constrained wp-container-core-group-is-layout-4d466591 wp-block-group-is-layout-constrained\" style=\"padding-top:3rem;padding-bottom:3rem;padding-left:1.5rem;padding-right:1.5rem\">\n<h2 class=\"wp-block-heading has-text-align-center has-base-color has-text-color\">No deje pasar el tiempo<\/h2>\n<div class=\"wp-block-buttons is-content-justification-center is-layout-flex wp-container-core-buttons-is-layout-0aa01211 wp-block-buttons-is-layout-flex\"><div class=\"wp-block-button chg-cta chg-cta-call\"><a class=\"wp-block-button__link wp-element-button\" href=\"tel:+17867514283\">Cont\u00e1ctenos hoy para una evaluaci\u00f3n gratuita de su caso<\/a><\/div><div class=\"wp-block-button chg-cta chg-cta-form\"><a class=\"wp-block-button__link wp-element-button\" href=\"https:\/\/chglawyers.com\/contact-us\/\">Cont\u00e1ctenos hoy para una evaluaci\u00f3n gratuita de su caso<\/a><\/div><\/div>\n<\/div>\n\n<h2 class=\"wp-block-heading\">\u00c1reas de pr\u00e1ctica relacionadas<\/h2><ul class=\"wp-block-list\"><li><a href=\"\/resources\/es\/lesiones-catastroficas-espalda-cuello\/\">Lesiones Catastr\u00f3ficas de Espalda y Cuello: Sus Derechos Legales Despu\u00e9s de una Lesi\u00f3n Permanente de la Columna Vertebral<\/a><\/li><li><a href=\"\/resources\/es\/lesiones-catastroficas-espalda-cuello\/que-hacer-despues-lesion-grave-espalda\/\">Qu\u00e9 Hacer Despu\u00e9s de una Lesi\u00f3n Grave de Espalda o Cuello en un Accidente<\/a><\/li><li><a href=\"\/resources\/es\/lesiones-catastroficas-espalda-cuello\/quien-es-responsable-lesion-catastrofica-espalda\/\">\u00bfQui\u00e9n es Responsable de una Lesi\u00f3n Catastr\u00f3fica de Espalda o Cuello?<\/a><\/li><li><a href=\"\/resources\/es\/lesiones-espalda-cuello-catastroficas\/demanda-lesion-cirugia-fusion-espinal\/\">Cirug\u00eda de Fusi\u00f3n Espinal y Su Demanda por Lesiones: Recuperaci\u00f3n, Limitaciones y Compensaci\u00f3n<\/a><\/li><\/ul>","protected":false},"excerpt":{"rendered":"<p>En Florida, tiene 2 a\u00f1os desde la lesi\u00f3n para presentar una demanda por lesi\u00f3n catastr\u00f3fica de cuello. Perder el plazo cancela su demanda permanentemente. Conozca las reglas.<\/p>\n","protected":false},"author":2,"featured_media":0,"parent":1881,"menu_order":0,"comment_status":"closed","ping_status":"closed","template":"","meta":{"chg_canonical":"","chg_lang":"es","chg_hreflang":"[{\"hreflang\": \"en\", \"href\": \"https:\/\/chglawyers.com\/resources\/catastrophic-back-neck-injuries\/neck-injury-statute-of-limitations-florida\/\"}, {\"hreflang\": \"es\", \"href\": \"https:\/\/chglawyers.com\/resources\/es\/lesiones-catastroficas-espalda-cuello\/plazo-demanda-lesion-cuello-florida\/\"}, {\"hreflang\": \"x-default\", \"href\": \"https:\/\/chglawyers.com\/resources\/catastrophic-back-neck-injuries\/neck-injury-statute-of-limitations-florida\/\"}]","chg_jsonld":"[{\"author\": {\"name\": \"Personal Injury Law Firm\", \"@type\": \"Organization\"}, \"@context\": \"https:\/\/schema.org\", \"headline\": \"How Long Do You Have to File a Catastrophic Neck Injury Claim in Florida?\", \"speakable\": {\"@type\": \"SpeakableSpecification\", \"cssSelector\": [\"article > p:first-of-type\", \".wp-block-details p\", \"article > h1\"]}, \"mainEntity\": [{\"@type\": \"Question\", \"name\": \"\u00bfSe aplica el plazo de prescripci\u00f3n a todos los tipos de accidentes?\", \"acceptedAnswer\": {\"@type\": \"Answer\", \"text\": \"S\u00ed. Ya sea que su lesi\u00f3n catastr\u00f3fica de cuello surgiera de un choque de cami\u00f3n, un incidente de seguridad negligente (asalto o ataque en una propiedad insegura), una ca\u00edda, un accidente laboral, o cualquier otra causa, el plazo de prescripci\u00f3n de dos a\u00f1os se aplica a su reclamo de lesi\u00f3n personal.\"}}, {\"@type\": \"Question\", \"name\": \"\u00bfPuedo extender el plazo de prescripci\u00f3n?\", \"acceptedAnswer\": {\"@type\": \"Answer\", \"text\": \"En circunstancias raras, s\u00ed\u2014pero solo si se cumplen condiciones legales espec\u00edficas, como que el demandado est\u00e9 fuera del estado o que la persona lesionada sea menor de edad. Estas excepciones son limitadas. No asuma que tiene tiempo extra.\"}}, {\"@type\": \"Question\", \"name\": \"\u00bfQu\u00e9 si a\u00fan estoy en tratamiento m\u00e9dico? \u00bfEso pausa el reloj?\", \"acceptedAnswer\": {\"@type\": \"Answer\", \"text\": \"No. El reloj del plazo de prescripci\u00f3n no se pausa mientras recibe tratamiento o espera a que sus lesiones se estabilicen. Corre a partir de la fecha de la lesi\u00f3n, independientemente de su estado m\u00e9dico.\"}}, {\"@type\": \"Question\", \"name\": \"\u00bfNecesito presentar una demanda antes del plazo, o solo presentar un reclamo con la compa\u00f1\u00eda de seguros?\", \"acceptedAnswer\": {\"@type\": \"Answer\", \"text\": \"Debe presentar una demanda (formalmente, una demanda en la corte) antes de que expire el plazo de prescripci\u00f3n. Presentar un reclamo de seguros o una carta de demanda no detiene el reloj. Si no presenta una demanda antes del plazo de dos a\u00f1os, su reclamo se ve impedido.\"}}, {\"@type\": \"Question\", \"name\": \"\u00bfQu\u00e9 si el demandado est\u00e1 fuera del estado?\", \"acceptedAnswer\": {\"@type\": \"Answer\", \"text\": \"Si el demandado estaba fuera de Florida cuando ocurri\u00f3 su lesi\u00f3n y permaneci\u00f3 fuera del estado, el plazo de prescripci\u00f3n puede ser suspendido (pausado) por el tiempo que estuvo ausente. Sin embargo, esta excepci\u00f3n es compleja y requiere an\u00e1lisis legal. No conf\u00ede en ella sin consultar a un abogado.\"}}], \"description\": \"In Florida, you have 2 years from injury to file a catastrophic neck injury claim. Missing the deadline bars your claim forever.\", \"dateModified\": \"2024-01-01T00:00:00Z\", \"datePublished\": \"2024-01-01T00:00:00Z\", \"about\": [{\"@type\": \"Thing\", \"name\": \"Spinal cord injury\", \"sameAs\": \"https:\/\/en.wikipedia.org\/wiki\/Spinal_cord_injury\"}, {\"@type\": \"Thing\", \"name\": \"Paraplegia\", \"sameAs\": \"https:\/\/en.wikipedia.org\/wiki\/Paraplegia\"}], \"mentions\": [{\"@type\": \"Thing\", \"name\": \"Tetraplegia\", \"sameAs\": \"https:\/\/en.wikipedia.org\/wiki\/Tetraplegia\"}, {\"@type\": \"Thing\", \"name\": \"Paralysis\", \"sameAs\": \"https:\/\/en.wikipedia.org\/wiki\/Paralysis\"}, {\"@type\": \"Thing\", \"name\": \"Spinal cord\", \"sameAs\": \"https:\/\/en.wikipedia.org\/wiki\/Spinal_cord\"}, {\"@type\": \"Thing\", \"name\": \"Personal injury\", \"sameAs\": \"https:\/\/en.wikipedia.org\/wiki\/Personal_injury\"}, {\"@type\": \"Thing\", \"name\": \"Statute of limitations\", \"sameAs\": \"https:\/\/en.wikipedia.org\/wiki\/Statute_of_limitations\"}, {\"@type\": \"Thing\", \"name\": \"Comparative negligence\", \"sameAs\": \"https:\/\/en.wikipedia.org\/wiki\/Comparative_negligence\"}, {\"@type\": \"Thing\", \"name\": \"Premises liability\", \"sameAs\": \"https:\/\/en.wikipedia.org\/wiki\/Premises_liability\"}, {\"@type\": \"Thing\", \"name\": \"Comparative fault\", \"sameAs\": \"https:\/\/www.wikidata.org\/wiki\/Q108736471\"}, {\"@type\": \"Thing\", \"name\": \"Negligence claim\", \"sameAs\": \"https:\/\/www.wikidata.org\/wiki\/Q38076091\"}], \"publisher\": {\"@type\": \"Organization\", \"name\": \"CHG Personal Injury Lawyers\", \"@id\": \"https:\/\/chglawyers.com\/resources\/#organization\", \"url\": \"https:\/\/chglawyers.com\/\"}, \"reviewedBy\": {\"@type\": \"Person\", \"name\": \"Igor Hernandez\", \"url\": \"https:\/\/spinaladvocacygroup.com\/attorneys\/igor-hernandez\/\", \"jobTitle\": \"Attorney\", \"sameAs\": [\"https:\/\/www.floridabar.org\/directories\/find-mbr\/profile\/?num=106386\", \"https:\/\/www.linkedin.com\/in\/igorh\/\", \"https:\/\/profiles.superlawyers.com\/florida\/miami\/lawyer\/igor-hernandez\/cd5f52fd-6cf1-4c47-8c6e-5e8f339a380d.html\"]}, \"inLanguage\": \"es\", \"@type\": [\"Article\", \"FAQPage\"], \"image\": \"https:\/\/chglawyers.com\/resources\/wp-content\/uploads\/2026\/08\/person-in-cervical-collar-reviewing-spine-x-rays-with-a-spin-photo-2.jpg\"}, {\"@context\": \"https:\/\/schema.org\", \"@type\": \"BreadcrumbList\", \"itemListElement\": [{\"@type\": \"ListItem\", \"position\": 1, \"name\": \"Home\", \"item\": \"https:\/\/chglawyers.com\/resources\/\"}, {\"@type\": \"ListItem\", \"position\": 2, \"name\": \"Catastrophic Back Neck Injuries\", \"item\": \"https:\/\/chglawyers.com\/resources\/catastrophic-back-neck-injuries\/\"}, {\"@type\": \"ListItem\", \"position\": 3, \"name\": \"Neck Injury Statute of Limitations in Florida\", \"item\": \"https:\/\/chglawyers.com\/resources\/catastrophic-back-neck-injuries\/neck-injury-statute-of-limitations-florida\/\"}]}]","chg_meta_description":"En Florida, tiene 2 a\u00f1os desde la lesi\u00f3n para presentar una demanda por lesi\u00f3n catastr\u00f3fica de cuello. Perder el plazo cancela su demanda permanentemente. Conozca las reglas.","footnotes":""},"class_list":["post-34642","page","type-page","status-publish","hentry"],"_links":{"self":[{"href":"https:\/\/chglawyers.com\/resources\/wp-json\/wp\/v2\/pages\/34642","targetHints":{"allow":["GET"]}}],"collection":[{"href":"https:\/\/chglawyers.com\/resources\/wp-json\/wp\/v2\/pages"}],"about":[{"href":"https:\/\/chglawyers.com\/resources\/wp-json\/wp\/v2\/types\/page"}],"author":[{"embeddable":true,"href":"https:\/\/chglawyers.com\/resources\/wp-json\/wp\/v2\/users\/2"}],"replies":[{"embeddable":true,"href":"https:\/\/chglawyers.com\/resources\/wp-json\/wp\/v2\/comments?post=34642"}],"version-history":[{"count":2,"href":"https:\/\/chglawyers.com\/resources\/wp-json\/wp\/v2\/pages\/34642\/revisions"}],"predecessor-version":[{"id":37612,"href":"https:\/\/chglawyers.com\/resources\/wp-json\/wp\/v2\/pages\/34642\/revisions\/37612"}],"up":[{"embeddable":true,"href":"https:\/\/chglawyers.com\/resources\/wp-json\/wp\/v2\/pages\/1881"}],"wp:attachment":[{"href":"https:\/\/chglawyers.com\/resources\/wp-json\/wp\/v2\/media?parent=34642"}],"curies":[{"name":"wp","href":"https:\/\/api.w.org\/{rel}","templated":true}]}}